{"id":78,"date":"2021-07-23T14:21:11","date_gmt":"2021-07-23T17:21:11","guid":{"rendered":"https:\/\/www.camarabaixagrande.ba.gov.br\/documentos\/?page_id=78"},"modified":"2022-05-22T22:16:20","modified_gmt":"2022-05-23T01:16:20","slug":"decretos","status":"publish","type":"page","link":"https:\/\/www.camarabaixagrande.ba.gov.br\/documentos\/decretos\/","title":{"rendered":"Decretos"},"content":{"rendered":"\n<figure class=\"wp-block-image size-full\"><a href=\"https:\/\/www.camarabaixagrande.ba.gov.br\/documentos\/\"><img loading=\"lazy\" decoding=\"async\" width=\"252\" height=\"75\" src=\"https:\/\/www.camarabaixagrande.ba.gov.br\/documentos\/wp-content\/uploads\/2022\/05\/voltar.png\" alt=\"\" class=\"wp-image-1539\"\/><\/a><\/figure>\n\n\n\n\t\t\t<div class=\"wp-block-uagb-post-grid uagb-post-grid  uagb-post__image-position-top uagb-post__image-enabled uagb-block-9ca0c561     uagb-post__items uagb-post__columns-3 is-grid uagb-post__columns-tablet-2 uagb-post__columns-mobile-1 uagb-post__equal-height\" data-total=\"1\" style=\"\">\n\n\t\t\t\t\t\t\t\t\t\t\t\t<article class=\"uagb-post__inner-wrap\">\t\t\t\t\t\t\t\t<h4 class=\"uagb-post__title uagb-post__text\">\n\t\t\t\t<a href=\"https:\/\/www.camarabaixagrande.ba.gov.br\/documentos\/2023\/12\/30\/6-decretos-e-respectivas-publicacoes-referente-a-creditos-adicionais-suplementares-4\/\" target=\"_self\" rel=\"bookmark noopener noreferrer\">6-Decretos e respectivas publica\u00e7\u00f5es referente a cr\u00e9ditos adicionais suplementares<\/a>\n\t\t\t<\/h4>\n\t\t\t\t\t\t<div class='uagb-post__text uagb-post-grid-byline'>\n\t\t\t\t\t\t\t\t<time datetime=\"2023-12-30T15:32:41-03:00\" class=\"uagb-post__date\">\n\t\t\t\t<span class=\"dashicons-calendar dashicons\"><\/span>\t\t\t\t\tdezembro 30, 2023\t\t\t\t<\/time>\n\t\t\t\t\t\t<\/div>\n\t\t\t\t\t\t<div class=\"uagb-post__text uagb-post__cta wp-block-button\">\n\t\t\t\t<a class=\"wp-block-button__link uagb-text-link\" style=\"\" href=\"https:\/\/www.camarabaixagrande.ba.gov.br\/documentos\/2023\/12\/30\/6-decretos-e-respectivas-publicacoes-referente-a-creditos-adicionais-suplementares-4\/\" target=\"_self\" rel=\"bookmark noopener noreferrer\">Ler mais<\/a>\n\t\t\t<\/div>\n\t\t\t\n\t\t\t\t\t\t\t\t\t<\/article>\n\t\t\t\t\t\t\t\t\t\t\t\t\t\t\t\t<article class=\"uagb-post__inner-wrap\">\t\t\t\t\t\t\t\t<h4 class=\"uagb-post__title uagb-post__text\">\n\t\t\t\t<a href=\"https:\/\/www.camarabaixagrande.ba.gov.br\/documentos\/2023\/12\/30\/5-decretos-e-respectivas-publicacoes-referente-a-creditos-adicionais-extraordinarios-4\/\" target=\"_self\" rel=\"bookmark noopener noreferrer\">5-Decretos e respectivas publica\u00e7\u00f5es referente a cr\u00e9ditos adicionais extraordin\u00e1rios<\/a>\n\t\t\t<\/h4>\n\t\t\t\t\t\t<div class='uagb-post__text uagb-post-grid-byline'>\n\t\t\t\t\t\t\t\t<time datetime=\"2023-12-30T15:32:03-03:00\" class=\"uagb-post__date\">\n\t\t\t\t<span class=\"dashicons-calendar dashicons\"><\/span>\t\t\t\t\tdezembro 30, 2023\t\t\t\t<\/time>\n\t\t\t\t\t\t<\/div>\n\t\t\t\t\t\t<div class=\"uagb-post__text uagb-post__cta wp-block-button\">\n\t\t\t\t<a class=\"wp-block-button__link uagb-text-link\" style=\"\" href=\"https:\/\/www.camarabaixagrande.ba.gov.br\/documentos\/2023\/12\/30\/5-decretos-e-respectivas-publicacoes-referente-a-creditos-adicionais-extraordinarios-4\/\" target=\"_self\" rel=\"bookmark noopener noreferrer\">Ler mais<\/a>\n\t\t\t<\/div>\n\t\t\t\n\t\t\t\t\t\t\t\t\t<\/article>\n\t\t\t\t\t\t\t\t\t\t\t\t\t\t\t\t<article class=\"uagb-post__inner-wrap\">\t\t\t\t\t\t\t\t<h4 class=\"uagb-post__title uagb-post__text\">\n\t\t\t\t<a href=\"https:\/\/www.camarabaixagrande.ba.gov.br\/documentos\/2023\/12\/30\/4-decretos-e-respectivas-publicacoes-referente-a-creditos-adicionais-especiais-4\/\" target=\"_self\" rel=\"bookmark noopener noreferrer\">4-Decretos e respectivas publica\u00e7\u00f5es referente a cr\u00e9ditos adicionais especiais<\/a>\n\t\t\t<\/h4>\n\t\t\t\t\t\t<div class='uagb-post__text uagb-post-grid-byline'>\n\t\t\t\t\t\t\t\t<time datetime=\"2023-12-30T15:31:08-03:00\" class=\"uagb-post__date\">\n\t\t\t\t<span class=\"dashicons-calendar dashicons\"><\/span>\t\t\t\t\tdezembro 30, 2023\t\t\t\t<\/time>\n\t\t\t\t\t\t<\/div>\n\t\t\t\t\t\t<div class=\"uagb-post__text uagb-post__cta wp-block-button\">\n\t\t\t\t<a class=\"wp-block-button__link uagb-text-link\" style=\"\" href=\"https:\/\/www.camarabaixagrande.ba.gov.br\/documentos\/2023\/12\/30\/4-decretos-e-respectivas-publicacoes-referente-a-creditos-adicionais-especiais-4\/\" target=\"_self\" rel=\"bookmark noopener noreferrer\">Ler mais<\/a>\n\t\t\t<\/div>\n\t\t\t\n\t\t\t\t\t\t\t\t\t<\/article>\n\t\t\t\t\t\t\t\t\t\t\t\t\t\t\t\t<article class=\"uagb-post__inner-wrap\">\t\t\t\t\t\t\t\t<h4 class=\"uagb-post__title uagb-post__text\">\n\t\t\t\t<a href=\"https:\/\/www.camarabaixagrande.ba.gov.br\/documentos\/2023\/12\/30\/3-decretos-e-respectivas-publicacoes-referente-a-alteracao-de-qdd-2\/\" target=\"_self\" rel=\"bookmark noopener noreferrer\">3-Decretos e respectivas publica\u00e7\u00f5es referente a altera\u00e7\u00e3o de QDD<\/a>\n\t\t\t<\/h4>\n\t\t\t\t\t\t<div class='uagb-post__text uagb-post-grid-byline'>\n\t\t\t\t\t\t\t\t<time datetime=\"2023-12-30T15:29:44-03:00\" class=\"uagb-post__date\">\n\t\t\t\t<span class=\"dashicons-calendar dashicons\"><\/span>\t\t\t\t\tdezembro 30, 2023\t\t\t\t<\/time>\n\t\t\t\t\t\t<\/div>\n\t\t\t\t\t\t<div class=\"uagb-post__text uagb-post__cta wp-block-button\">\n\t\t\t\t<a class=\"wp-block-button__link uagb-text-link\" style=\"\" href=\"https:\/\/www.camarabaixagrande.ba.gov.br\/documentos\/2023\/12\/30\/3-decretos-e-respectivas-publicacoes-referente-a-alteracao-de-qdd-2\/\" target=\"_self\" rel=\"bookmark noopener noreferrer\">Ler mais<\/a>\n\t\t\t<\/div>\n\t\t\t\n\t\t\t\t\t\t\t\t\t<\/article>\n\t\t\t\t\t\t\t\t\t\t\t\t\t\t\t\t<article class=\"uagb-post__inner-wrap\">\t\t\t\t\t\t\t\t<h4 class=\"uagb-post__title uagb-post__text\">\n\t\t\t\t<a href=\"https:\/\/www.camarabaixagrande.ba.gov.br\/documentos\/2023\/11\/30\/6-decretos-e-respectivas-publicacoes-referente-a-creditos-adicionais-suplementares-3\/\" target=\"_self\" rel=\"bookmark noopener noreferrer\">6-Decretos e respectivas publica\u00e7\u00f5es referente a cr\u00e9ditos adicionais suplementares<\/a>\n\t\t\t<\/h4>\n\t\t\t\t\t\t<div class='uagb-post__text uagb-post-grid-byline'>\n\t\t\t\t\t\t\t\t<time datetime=\"2023-11-30T14:27:38-03:00\" class=\"uagb-post__date\">\n\t\t\t\t<span class=\"dashicons-calendar dashicons\"><\/span>\t\t\t\t\tnovembro 30, 2023\t\t\t\t<\/time>\n\t\t\t\t\t\t<\/div>\n\t\t\t\t\t\t<div class=\"uagb-post__text uagb-post__cta wp-block-button\">\n\t\t\t\t<a class=\"wp-block-button__link uagb-text-link\" style=\"\" href=\"https:\/\/www.camarabaixagrande.ba.gov.br\/documentos\/2023\/11\/30\/6-decretos-e-respectivas-publicacoes-referente-a-creditos-adicionais-suplementares-3\/\" target=\"_self\" rel=\"bookmark noopener noreferrer\">Ler mais<\/a>\n\t\t\t<\/div>\n\t\t\t\n\t\t\t\t\t\t\t\t\t<\/article>\n\t\t\t\t\t\t\t\t\t\t\t\t\t\t\t\t<article class=\"uagb-post__inner-wrap\">\t\t\t\t\t\t\t\t<h4 class=\"uagb-post__title uagb-post__text\">\n\t\t\t\t<a href=\"https:\/\/www.camarabaixagrande.ba.gov.br\/documentos\/2023\/11\/30\/5-decretos-e-respectivas-publicacoes-referente-a-creditos-adicionais-extraordinarios-3\/\" target=\"_self\" rel=\"bookmark noopener noreferrer\">5-Decretos e respectivas publica\u00e7\u00f5es referente a cr\u00e9ditos adicionais extraordin\u00e1rios<\/a>\n\t\t\t<\/h4>\n\t\t\t\t\t\t<div class='uagb-post__text uagb-post-grid-byline'>\n\t\t\t\t\t\t\t\t<time datetime=\"2023-11-30T14:26:25-03:00\" class=\"uagb-post__date\">\n\t\t\t\t<span class=\"dashicons-calendar dashicons\"><\/span>\t\t\t\t\tnovembro 30, 2023\t\t\t\t<\/time>\n\t\t\t\t\t\t<\/div>\n\t\t\t\t\t\t<div class=\"uagb-post__text uagb-post__cta wp-block-button\">\n\t\t\t\t<a class=\"wp-block-button__link uagb-text-link\" style=\"\" href=\"https:\/\/www.camarabaixagrande.ba.gov.br\/documentos\/2023\/11\/30\/5-decretos-e-respectivas-publicacoes-referente-a-creditos-adicionais-extraordinarios-3\/\" target=\"_self\" rel=\"bookmark noopener noreferrer\">Ler mais<\/a>\n\t\t\t<\/div>\n\t\t\t\n\t\t\t\t\t\t\t\t\t<\/article>\n\t\t\t\t\t\t\t\t\t\t\t\t\t\t\t\t<article class=\"uagb-post__inner-wrap\">\t\t\t\t\t\t\t\t<h4 class=\"uagb-post__title uagb-post__text\">\n\t\t\t\t<a href=\"https:\/\/www.camarabaixagrande.ba.gov.br\/documentos\/2023\/11\/30\/4-decretos-e-respectivas-publicacoes-referente-a-creditos-adicionais-especiais-3\/\" target=\"_self\" rel=\"bookmark noopener noreferrer\">4-Decretos e respectivas publica\u00e7\u00f5es referente a cr\u00e9ditos adicionais especiais<\/a>\n\t\t\t<\/h4>\n\t\t\t\t\t\t<div class='uagb-post__text uagb-post-grid-byline'>\n\t\t\t\t\t\t\t\t<time datetime=\"2023-11-30T14:23:39-03:00\" class=\"uagb-post__date\">\n\t\t\t\t<span class=\"dashicons-calendar dashicons\"><\/span>\t\t\t\t\tnovembro 30, 2023\t\t\t\t<\/time>\n\t\t\t\t\t\t<\/div>\n\t\t\t\t\t\t<div class=\"uagb-post__text uagb-post__cta wp-block-button\">\n\t\t\t\t<a class=\"wp-block-button__link uagb-text-link\" style=\"\" href=\"https:\/\/www.camarabaixagrande.ba.gov.br\/documentos\/2023\/11\/30\/4-decretos-e-respectivas-publicacoes-referente-a-creditos-adicionais-especiais-3\/\" target=\"_self\" rel=\"bookmark noopener noreferrer\">Ler mais<\/a>\n\t\t\t<\/div>\n\t\t\t\n\t\t\t\t\t\t\t\t\t<\/article>\n\t\t\t\t\t\t\t\t\t\t\t\t\t\t\t\t<article class=\"uagb-post__inner-wrap\">\t\t\t\t\t\t\t\t<h4 class=\"uagb-post__title uagb-post__text\">\n\t\t\t\t<a href=\"https:\/\/www.camarabaixagrande.ba.gov.br\/documentos\/2023\/11\/30\/3-decretos-e-respectivas-publicacoes-referente-a-alteracao-de-qdd\/\" target=\"_self\" rel=\"bookmark noopener noreferrer\">3-Decretos e respectivas publica\u00e7\u00f5es referente a altera\u00e7\u00e3o de QDD<\/a>\n\t\t\t<\/h4>\n\t\t\t\t\t\t<div class='uagb-post__text uagb-post-grid-byline'>\n\t\t\t\t\t\t\t\t<time datetime=\"2023-11-30T14:22:45-03:00\" class=\"uagb-post__date\">\n\t\t\t\t<span class=\"dashicons-calendar dashicons\"><\/span>\t\t\t\t\tnovembro 30, 2023\t\t\t\t<\/time>\n\t\t\t\t\t\t<\/div>\n\t\t\t\t\t\t<div class=\"uagb-post__text uagb-post__cta wp-block-button\">\n\t\t\t\t<a class=\"wp-block-button__link uagb-text-link\" style=\"\" href=\"https:\/\/www.camarabaixagrande.ba.gov.br\/documentos\/2023\/11\/30\/3-decretos-e-respectivas-publicacoes-referente-a-alteracao-de-qdd\/\" target=\"_self\" rel=\"bookmark noopener noreferrer\">Ler mais<\/a>\n\t\t\t<\/div>\n\t\t\t\n\t\t\t\t\t\t\t\t\t<\/article>\n\t\t\t\t\t\t\t\t\t\t\t\t\t\t\t\t<article class=\"uagb-post__inner-wrap\">\t\t\t\t\t\t\t\t<h4 class=\"uagb-post__title uagb-post__text\">\n\t\t\t\t<a href=\"https:\/\/www.camarabaixagrande.ba.gov.br\/documentos\/2023\/10\/30\/6-decretos-e-respectivas-publicacoes-referente-a-creditos-adicionais-suplementares-2\/\" target=\"_self\" rel=\"bookmark noopener noreferrer\">6-Decretos e respectivas publica\u00e7\u00f5es referente a cr\u00e9ditos adicionais suplementares<\/a>\n\t\t\t<\/h4>\n\t\t\t\t\t\t<div class='uagb-post__text uagb-post-grid-byline'>\n\t\t\t\t\t\t\t\t<time datetime=\"2023-10-30T01:07:54-03:00\" class=\"uagb-post__date\">\n\t\t\t\t<span class=\"dashicons-calendar dashicons\"><\/span>\t\t\t\t\toutubro 30, 2023\t\t\t\t<\/time>\n\t\t\t\t\t\t<\/div>\n\t\t\t\t\t\t<div class=\"uagb-post__text uagb-post__cta wp-block-button\">\n\t\t\t\t<a class=\"wp-block-button__link uagb-text-link\" style=\"\" href=\"https:\/\/www.camarabaixagrande.ba.gov.br\/documentos\/2023\/10\/30\/6-decretos-e-respectivas-publicacoes-referente-a-creditos-adicionais-suplementares-2\/\" target=\"_self\" rel=\"bookmark noopener noreferrer\">Ler mais<\/a>\n\t\t\t<\/div>\n\t\t\t\n\t\t\t\t\t\t\t\t\t<\/article>\n\t\t\t\t\t\t\t\t\t\t\t\t\t\t\t\t<article class=\"uagb-post__inner-wrap\">\t\t\t\t\t\t\t\t<h4 class=\"uagb-post__title uagb-post__text\">\n\t\t\t\t<a href=\"https:\/\/www.camarabaixagrande.ba.gov.br\/documentos\/2023\/10\/30\/5-decretos-e-respectivas-publicacoes-referente-a-creditos-adicionais-extraordinarios-2\/\" target=\"_self\" rel=\"bookmark noopener noreferrer\">5-Decretos e respectivas publica\u00e7\u00f5es referente a cr\u00e9ditos adicionais extraordin\u00e1rios<\/a>\n\t\t\t<\/h4>\n\t\t\t\t\t\t<div class='uagb-post__text uagb-post-grid-byline'>\n\t\t\t\t\t\t\t\t<time datetime=\"2023-10-30T01:07:13-03:00\" class=\"uagb-post__date\">\n\t\t\t\t<span class=\"dashicons-calendar dashicons\"><\/span>\t\t\t\t\toutubro 30, 2023\t\t\t\t<\/time>\n\t\t\t\t\t\t<\/div>\n\t\t\t\t\t\t<div class=\"uagb-post__text uagb-post__cta wp-block-button\">\n\t\t\t\t<a class=\"wp-block-button__link uagb-text-link\" style=\"\" href=\"https:\/\/www.camarabaixagrande.ba.gov.br\/documentos\/2023\/10\/30\/5-decretos-e-respectivas-publicacoes-referente-a-creditos-adicionais-extraordinarios-2\/\" target=\"_self\" rel=\"bookmark noopener noreferrer\">Ler mais<\/a>\n\t\t\t<\/div>\n\t\t\t\n\t\t\t\t\t\t\t\t\t<\/article>\n\t\t\t\t\t\t\t\t\t\t\t\t\t\t\t\t<article class=\"uagb-post__inner-wrap\">\t\t\t\t\t\t\t\t<h4 class=\"uagb-post__title uagb-post__text\">\n\t\t\t\t<a href=\"https:\/\/www.camarabaixagrande.ba.gov.br\/documentos\/2023\/10\/30\/4-decretos-e-respectivas-publicacoes-referente-a-creditos-adicionais-especiais-2\/\" target=\"_self\" rel=\"bookmark noopener noreferrer\">4-Decretos e respectivas publica\u00e7\u00f5es referente a cr\u00e9ditos adicionais especiais<\/a>\n\t\t\t<\/h4>\n\t\t\t\t\t\t<div class='uagb-post__text uagb-post-grid-byline'>\n\t\t\t\t\t\t\t\t<time datetime=\"2023-10-30T01:06:34-03:00\" class=\"uagb-post__date\">\n\t\t\t\t<span class=\"dashicons-calendar dashicons\"><\/span>\t\t\t\t\toutubro 30, 2023\t\t\t\t<\/time>\n\t\t\t\t\t\t<\/div>\n\t\t\t\t\t\t<div class=\"uagb-post__text uagb-post__cta wp-block-button\">\n\t\t\t\t<a class=\"wp-block-button__link uagb-text-link\" style=\"\" href=\"https:\/\/www.camarabaixagrande.ba.gov.br\/documentos\/2023\/10\/30\/4-decretos-e-respectivas-publicacoes-referente-a-creditos-adicionais-especiais-2\/\" target=\"_self\" rel=\"bookmark noopener noreferrer\">Ler mais<\/a>\n\t\t\t<\/div>\n\t\t\t\n\t\t\t\t\t\t\t\t\t<\/article>\n\t\t\t\t\t\t\t\t\t\t\t\t\t\t\t\t<article class=\"uagb-post__inner-wrap\">\t\t\t\t\t\t\t\t<h4 class=\"uagb-post__title uagb-post__text\">\n\t\t\t\t<a href=\"https:\/\/www.camarabaixagrande.ba.gov.br\/documentos\/2023\/10\/30\/3-decretos-e-respectivas-publicacoes-referente-a-alteracoes-de-qdd-2\/\" target=\"_self\" rel=\"bookmark noopener noreferrer\">3-Decretos e respectivas publica\u00e7\u00f5es referente a altera\u00e7\u00f5es de QDD<\/a>\n\t\t\t<\/h4>\n\t\t\t\t\t\t<div class='uagb-post__text uagb-post-grid-byline'>\n\t\t\t\t\t\t\t\t<time datetime=\"2023-10-30T01:05:35-03:00\" class=\"uagb-post__date\">\n\t\t\t\t<span class=\"dashicons-calendar dashicons\"><\/span>\t\t\t\t\toutubro 30, 2023\t\t\t\t<\/time>\n\t\t\t\t\t\t<\/div>\n\t\t\t\t\t\t<div class=\"uagb-post__text uagb-post__cta wp-block-button\">\n\t\t\t\t<a class=\"wp-block-button__link uagb-text-link\" style=\"\" href=\"https:\/\/www.camarabaixagrande.ba.gov.br\/documentos\/2023\/10\/30\/3-decretos-e-respectivas-publicacoes-referente-a-alteracoes-de-qdd-2\/\" target=\"_self\" rel=\"bookmark noopener noreferrer\">Ler mais<\/a>\n\t\t\t<\/div>\n\t\t\t\n\t\t\t\t\t\t\t\t\t<\/article>\n\t\t\t\t\t\t\t\t\t\t\t\t\t\t\t\t<article class=\"uagb-post__inner-wrap\">\t\t\t\t\t\t\t\t<h4 class=\"uagb-post__title uagb-post__text\">\n\t\t\t\t<a href=\"https:\/\/www.camarabaixagrande.ba.gov.br\/documentos\/2023\/08\/30\/6-decretos-e-respectivas-publicacoes-referente-a-creditos-adicionais-suplementares\/\" target=\"_self\" rel=\"bookmark noopener noreferrer\">6-Decretos e respectivas publica\u00e7\u00f5es referente a cr\u00e9ditos adicionais suplementares<\/a>\n\t\t\t<\/h4>\n\t\t\t\t\t\t<div class='uagb-post__text uagb-post-grid-byline'>\n\t\t\t\t\t\t\t\t<time datetime=\"2023-08-30T07:13:19-03:00\" class=\"uagb-post__date\">\n\t\t\t\t<span class=\"dashicons-calendar dashicons\"><\/span>\t\t\t\t\tagosto 30, 2023\t\t\t\t<\/time>\n\t\t\t\t\t\t<\/div>\n\t\t\t\t\t\t<div class=\"uagb-post__text uagb-post__cta wp-block-button\">\n\t\t\t\t<a class=\"wp-block-button__link uagb-text-link\" style=\"\" href=\"https:\/\/www.camarabaixagrande.ba.gov.br\/documentos\/2023\/08\/30\/6-decretos-e-respectivas-publicacoes-referente-a-creditos-adicionais-suplementares\/\" target=\"_self\" rel=\"bookmark noopener noreferrer\">Ler mais<\/a>\n\t\t\t<\/div>\n\t\t\t\n\t\t\t\t\t\t\t\t\t<\/article>\n\t\t\t\t\t\t\t\t\t\t\t\t\t\t\t\t<article class=\"uagb-post__inner-wrap\">\t\t\t\t\t\t\t\t<h4 class=\"uagb-post__title uagb-post__text\">\n\t\t\t\t<a href=\"https:\/\/www.camarabaixagrande.ba.gov.br\/documentos\/2023\/08\/30\/5-decretos-e-respectivas-publicacoes-referente-a-creditos-adicionais-extraordinarios\/\" target=\"_self\" rel=\"bookmark noopener noreferrer\">5-Decretos e respectivas publica\u00e7\u00f5es referente a cr\u00e9ditos adicionais extraordin\u00e1rios<\/a>\n\t\t\t<\/h4>\n\t\t\t\t\t\t<div class='uagb-post__text uagb-post-grid-byline'>\n\t\t\t\t\t\t\t\t<time datetime=\"2023-08-30T07:12:41-03:00\" class=\"uagb-post__date\">\n\t\t\t\t<span class=\"dashicons-calendar dashicons\"><\/span>\t\t\t\t\tagosto 30, 2023\t\t\t\t<\/time>\n\t\t\t\t\t\t<\/div>\n\t\t\t\t\t\t<div class=\"uagb-post__text uagb-post__cta wp-block-button\">\n\t\t\t\t<a class=\"wp-block-button__link uagb-text-link\" style=\"\" href=\"https:\/\/www.camarabaixagrande.ba.gov.br\/documentos\/2023\/08\/30\/5-decretos-e-respectivas-publicacoes-referente-a-creditos-adicionais-extraordinarios\/\" target=\"_self\" rel=\"bookmark noopener noreferrer\">Ler mais<\/a>\n\t\t\t<\/div>\n\t\t\t\n\t\t\t\t\t\t\t\t\t<\/article>\n\t\t\t\t\t\t\t\t\t\t\t\t\t\t\t\t<article class=\"uagb-post__inner-wrap\">\t\t\t\t\t\t\t\t<h4 class=\"uagb-post__title uagb-post__text\">\n\t\t\t\t<a href=\"https:\/\/www.camarabaixagrande.ba.gov.br\/documentos\/2023\/08\/30\/4-decretos-e-respectivas-publicacoes-referente-a-creditos-adicionais-especiais\/\" target=\"_self\" rel=\"bookmark noopener noreferrer\">4-Decretos e respectivas publica\u00e7\u00f5es referente a cr\u00e9ditos adicionais especiais<\/a>\n\t\t\t<\/h4>\n\t\t\t\t\t\t<div class='uagb-post__text uagb-post-grid-byline'>\n\t\t\t\t\t\t\t\t<time datetime=\"2023-08-30T07:11:03-03:00\" class=\"uagb-post__date\">\n\t\t\t\t<span class=\"dashicons-calendar dashicons\"><\/span>\t\t\t\t\tagosto 30, 2023\t\t\t\t<\/time>\n\t\t\t\t\t\t<\/div>\n\t\t\t\t\t\t<div class=\"uagb-post__text uagb-post__cta wp-block-button\">\n\t\t\t\t<a class=\"wp-block-button__link uagb-text-link\" style=\"\" href=\"https:\/\/www.camarabaixagrande.ba.gov.br\/documentos\/2023\/08\/30\/4-decretos-e-respectivas-publicacoes-referente-a-creditos-adicionais-especiais\/\" target=\"_self\" rel=\"bookmark noopener noreferrer\">Ler mais<\/a>\n\t\t\t<\/div>\n\t\t\t\n\t\t\t\t\t\t\t\t\t<\/article>\n\t\t\t\t\t\t\t\t\t\t\t\t\t\t\t\t<article class=\"uagb-post__inner-wrap\">\t\t\t\t\t\t\t\t<h4 class=\"uagb-post__title uagb-post__text\">\n\t\t\t\t<a href=\"https:\/\/www.camarabaixagrande.ba.gov.br\/documentos\/2023\/08\/30\/3-decretos-e-respectivas-publicacoes-referente-a-alteracoes-de-qdd\/\" target=\"_self\" rel=\"bookmark noopener noreferrer\">3-Decretos e respectivas publica\u00e7\u00f5es referente a altera\u00e7\u00f5es de QDD<\/a>\n\t\t\t<\/h4>\n\t\t\t\t\t\t<div class='uagb-post__text uagb-post-grid-byline'>\n\t\t\t\t\t\t\t\t<time datetime=\"2023-08-30T07:10:23-03:00\" class=\"uagb-post__date\">\n\t\t\t\t<span class=\"dashicons-calendar dashicons\"><\/span>\t\t\t\t\tagosto 30, 2023\t\t\t\t<\/time>\n\t\t\t\t\t\t<\/div>\n\t\t\t\t\t\t<div class=\"uagb-post__text uagb-post__cta wp-block-button\">\n\t\t\t\t<a class=\"wp-block-button__link uagb-text-link\" style=\"\" href=\"https:\/\/www.camarabaixagrande.ba.gov.br\/documentos\/2023\/08\/30\/3-decretos-e-respectivas-publicacoes-referente-a-alteracoes-de-qdd\/\" target=\"_self\" rel=\"bookmark noopener noreferrer\">Ler mais<\/a>\n\t\t\t<\/div>\n\t\t\t\n\t\t\t\t\t\t\t\t\t<\/article>\n\t\t\t\t\t\t\t\t\t\t\t\t\t\t\t\t<article class=\"uagb-post__inner-wrap\">\t\t\t\t\t\t\t\t<h4 class=\"uagb-post__title uagb-post__text\">\n\t\t\t\t<a href=\"https:\/\/www.camarabaixagrande.ba.gov.br\/documentos\/2023\/07\/30\/decretos-e-respectivas-publicacoes-referente-a-creditos-adicionais-suplementares-4\/\" target=\"_self\" rel=\"bookmark noopener noreferrer\">Decretos e respectivas publica\u00e7\u00f5es referente a cr\u00e9ditos adicionais suplementares<\/a>\n\t\t\t<\/h4>\n\t\t\t\t\t\t<div class='uagb-post__text uagb-post-grid-byline'>\n\t\t\t\t\t\t\t\t<time datetime=\"2023-07-30T06:10:55-03:00\" class=\"uagb-post__date\">\n\t\t\t\t<span class=\"dashicons-calendar dashicons\"><\/span>\t\t\t\t\tjulho 30, 2023\t\t\t\t<\/time>\n\t\t\t\t\t\t<\/div>\n\t\t\t\t\t\t<div class=\"uagb-post__text uagb-post__cta wp-block-button\">\n\t\t\t\t<a class=\"wp-block-button__link uagb-text-link\" style=\"\" href=\"https:\/\/www.camarabaixagrande.ba.gov.br\/documentos\/2023\/07\/30\/decretos-e-respectivas-publicacoes-referente-a-creditos-adicionais-suplementares-4\/\" target=\"_self\" rel=\"bookmark noopener noreferrer\">Ler mais<\/a>\n\t\t\t<\/div>\n\t\t\t\n\t\t\t\t\t\t\t\t\t<\/article>\n\t\t\t\t\t\t\t\t\t\t\t\t\t\t\t\t<article class=\"uagb-post__inner-wrap\">\t\t\t\t\t\t\t\t<h4 class=\"uagb-post__title uagb-post__text\">\n\t\t\t\t<a href=\"https:\/\/www.camarabaixagrande.ba.gov.br\/documentos\/2023\/07\/30\/decretos-e-respectivas-publicacoes-referente-a-creditos-adicionais-extraordinarios-4\/\" target=\"_self\" rel=\"bookmark noopener noreferrer\">Decretos e respectivas publica\u00e7\u00f5es referente a cr\u00e9ditos adicionais extraordin\u00e1rios<\/a>\n\t\t\t<\/h4>\n\t\t\t\t\t\t<div class='uagb-post__text uagb-post-grid-byline'>\n\t\t\t\t\t\t\t\t<time datetime=\"2023-07-30T06:10:10-03:00\" class=\"uagb-post__date\">\n\t\t\t\t<span class=\"dashicons-calendar dashicons\"><\/span>\t\t\t\t\tjulho 30, 2023\t\t\t\t<\/time>\n\t\t\t\t\t\t<\/div>\n\t\t\t\t\t\t<div class=\"uagb-post__text uagb-post__cta wp-block-button\">\n\t\t\t\t<a class=\"wp-block-button__link uagb-text-link\" style=\"\" href=\"https:\/\/www.camarabaixagrande.ba.gov.br\/documentos\/2023\/07\/30\/decretos-e-respectivas-publicacoes-referente-a-creditos-adicionais-extraordinarios-4\/\" target=\"_self\" rel=\"bookmark noopener noreferrer\">Ler mais<\/a>\n\t\t\t<\/div>\n\t\t\t\n\t\t\t\t\t\t\t\t\t<\/article>\n\t\t\t\t\t\t\t\t\t\t\t\t\t\t\t\t<article class=\"uagb-post__inner-wrap\">\t\t\t\t\t\t\t\t<h4 class=\"uagb-post__title uagb-post__text\">\n\t\t\t\t<a href=\"https:\/\/www.camarabaixagrande.ba.gov.br\/documentos\/2023\/07\/30\/decretos-e-respectivas-publicacoes-referente-a-creditos-adicionais-especiais-2\/\" target=\"_self\" rel=\"bookmark noopener noreferrer\">Decretos e respectivas publica\u00e7\u00f5es referente a cr\u00e9ditos adicionais especiais<\/a>\n\t\t\t<\/h4>\n\t\t\t\t\t\t<div class='uagb-post__text uagb-post-grid-byline'>\n\t\t\t\t\t\t\t\t<time datetime=\"2023-07-30T06:08:34-03:00\" class=\"uagb-post__date\">\n\t\t\t\t<span class=\"dashicons-calendar dashicons\"><\/span>\t\t\t\t\tjulho 30, 2023\t\t\t\t<\/time>\n\t\t\t\t\t\t<\/div>\n\t\t\t\t\t\t<div class=\"uagb-post__text uagb-post__cta wp-block-button\">\n\t\t\t\t<a class=\"wp-block-button__link uagb-text-link\" style=\"\" href=\"https:\/\/www.camarabaixagrande.ba.gov.br\/documentos\/2023\/07\/30\/decretos-e-respectivas-publicacoes-referente-a-creditos-adicionais-especiais-2\/\" target=\"_self\" rel=\"bookmark noopener noreferrer\">Ler mais<\/a>\n\t\t\t<\/div>\n\t\t\t\n\t\t\t\t\t\t\t\t\t<\/article>\n\t\t\t\t\t\t\t\t\t\t\t\t\t\t\t\t<article class=\"uagb-post__inner-wrap\">\t\t\t\t\t\t\t\t<h4 class=\"uagb-post__title uagb-post__text\">\n\t\t\t\t<a href=\"https:\/\/www.camarabaixagrande.ba.gov.br\/documentos\/2023\/07\/30\/decretos-e-respectivas-publicacoes-referente-a-alteracao-de-qdd\/\" target=\"_self\" rel=\"bookmark noopener noreferrer\">Decretos e respectivas publica\u00e7\u00f5es referente a altera\u00e7\u00e3o de QDD<\/a>\n\t\t\t<\/h4>\n\t\t\t\t\t\t<div class='uagb-post__text uagb-post-grid-byline'>\n\t\t\t\t\t\t\t\t<time datetime=\"2023-07-30T06:07:42-03:00\" class=\"uagb-post__date\">\n\t\t\t\t<span class=\"dashicons-calendar dashicons\"><\/span>\t\t\t\t\tjulho 30, 2023\t\t\t\t<\/time>\n\t\t\t\t\t\t<\/div>\n\t\t\t\t\t\t<div class=\"uagb-post__text uagb-post__cta wp-block-button\">\n\t\t\t\t<a class=\"wp-block-button__link uagb-text-link\" style=\"\" href=\"https:\/\/www.camarabaixagrande.ba.gov.br\/documentos\/2023\/07\/30\/decretos-e-respectivas-publicacoes-referente-a-alteracao-de-qdd\/\" target=\"_self\" rel=\"bookmark noopener noreferrer\">Ler mais<\/a>\n\t\t\t<\/div>\n\t\t\t\n\t\t\t\t\t\t\t\t\t<\/article>\n\t\t\t\t\t\t\t\t\t\t\t\t\t\t\t\t<article class=\"uagb-post__inner-wrap\">\t\t\t\t\t\t\t\t<h4 class=\"uagb-post__title uagb-post__text\">\n\t\t\t\t<a href=\"https:\/\/www.camarabaixagrande.ba.gov.br\/documentos\/2023\/06\/30\/decretos-e-respectivas-publicacoes-referente-a-creditos-adicionais-suplementares-3\/\" target=\"_self\" rel=\"bookmark noopener noreferrer\">Decretos e respectivas publica\u00e7\u00f5es referente a cr\u00e9ditos adicionais suplementares<\/a>\n\t\t\t<\/h4>\n\t\t\t\t\t\t<div class='uagb-post__text uagb-post-grid-byline'>\n\t\t\t\t\t\t\t\t<time datetime=\"2023-06-30T08:14:53-03:00\" class=\"uagb-post__date\">\n\t\t\t\t<span class=\"dashicons-calendar dashicons\"><\/span>\t\t\t\t\tjunho 30, 2023\t\t\t\t<\/time>\n\t\t\t\t\t\t<\/div>\n\t\t\t\t\t\t<div class=\"uagb-post__text uagb-post__cta wp-block-button\">\n\t\t\t\t<a class=\"wp-block-button__link uagb-text-link\" style=\"\" href=\"https:\/\/www.camarabaixagrande.ba.gov.br\/documentos\/2023\/06\/30\/decretos-e-respectivas-publicacoes-referente-a-creditos-adicionais-suplementares-3\/\" target=\"_self\" rel=\"bookmark noopener noreferrer\">Ler mais<\/a>\n\t\t\t<\/div>\n\t\t\t\n\t\t\t\t\t\t\t\t\t<\/article>\n\t\t\t\t\t\t\t\t\t\t\t\t\t\t\t\t<article class=\"uagb-post__inner-wrap\">\t\t\t\t\t\t\t\t<h4 class=\"uagb-post__title uagb-post__text\">\n\t\t\t\t<a href=\"https:\/\/www.camarabaixagrande.ba.gov.br\/documentos\/2023\/06\/30\/decretos-e-respectivas-publicacoes-referente-a-creditos-adicionais-extraordinarios-3\/\" target=\"_self\" rel=\"bookmark noopener noreferrer\">Decretos e respectivas publica\u00e7\u00f5es referente a cr\u00e9ditos adicionais extraordin\u00e1rios<\/a>\n\t\t\t<\/h4>\n\t\t\t\t\t\t<div class='uagb-post__text uagb-post-grid-byline'>\n\t\t\t\t\t\t\t\t<time datetime=\"2023-06-30T08:12:26-03:00\" class=\"uagb-post__date\">\n\t\t\t\t<span class=\"dashicons-calendar dashicons\"><\/span>\t\t\t\t\tjunho 30, 2023\t\t\t\t<\/time>\n\t\t\t\t\t\t<\/div>\n\t\t\t\t\t\t<div class=\"uagb-post__text uagb-post__cta wp-block-button\">\n\t\t\t\t<a class=\"wp-block-button__link uagb-text-link\" style=\"\" href=\"https:\/\/www.camarabaixagrande.ba.gov.br\/documentos\/2023\/06\/30\/decretos-e-respectivas-publicacoes-referente-a-creditos-adicionais-extraordinarios-3\/\" target=\"_self\" rel=\"bookmark noopener noreferrer\">Ler mais<\/a>\n\t\t\t<\/div>\n\t\t\t\n\t\t\t\t\t\t\t\t\t<\/article>\n\t\t\t\t\t\t\t\t\t\t\t\t\t\t\t\t<article class=\"uagb-post__inner-wrap\">\t\t\t\t\t\t\t\t<h4 class=\"uagb-post__title uagb-post__text\">\n\t\t\t\t<a href=\"https:\/\/www.camarabaixagrande.ba.gov.br\/documentos\/2023\/06\/30\/decretos-e-respectivas-publicacoes-referente-a-creditos-adicionais-especiais\/\" target=\"_self\" rel=\"bookmark noopener noreferrer\">Decretos e respectivas publica\u00e7\u00f5es referente a cr\u00e9ditos adicionais especiais<\/a>\n\t\t\t<\/h4>\n\t\t\t\t\t\t<div class='uagb-post__text uagb-post-grid-byline'>\n\t\t\t\t\t\t\t\t<time datetime=\"2023-06-30T08:11:43-03:00\" class=\"uagb-post__date\">\n\t\t\t\t<span class=\"dashicons-calendar dashicons\"><\/span>\t\t\t\t\tjunho 30, 2023\t\t\t\t<\/time>\n\t\t\t\t\t\t<\/div>\n\t\t\t\t\t\t<div class=\"uagb-post__text uagb-post__cta wp-block-button\">\n\t\t\t\t<a class=\"wp-block-button__link uagb-text-link\" style=\"\" href=\"https:\/\/www.camarabaixagrande.ba.gov.br\/documentos\/2023\/06\/30\/decretos-e-respectivas-publicacoes-referente-a-creditos-adicionais-especiais\/\" target=\"_self\" rel=\"bookmark noopener noreferrer\">Ler mais<\/a>\n\t\t\t<\/div>\n\t\t\t\n\t\t\t\t\t\t\t\t\t<\/article>\n\t\t\t\t\t\t\t\t\t\t\t\t\t\t\t\t<article class=\"uagb-post__inner-wrap\">\t\t\t\t\t\t\t\t<h4 class=\"uagb-post__title uagb-post__text\">\n\t\t\t\t<a href=\"https:\/\/www.camarabaixagrande.ba.gov.br\/documentos\/2023\/06\/30\/decretos-e-respectivas-publicacoes-referente-a-alteracoes-de-qdd-4\/\" target=\"_self\" rel=\"bookmark noopener noreferrer\">Decretos e respectivas publica\u00e7\u00f5es referente a altera\u00e7\u00f5es de QDD<\/a>\n\t\t\t<\/h4>\n\t\t\t\t\t\t<div class='uagb-post__text uagb-post-grid-byline'>\n\t\t\t\t\t\t\t\t<time datetime=\"2023-06-30T08:10:53-03:00\" class=\"uagb-post__date\">\n\t\t\t\t<span class=\"dashicons-calendar dashicons\"><\/span>\t\t\t\t\tjunho 30, 2023\t\t\t\t<\/time>\n\t\t\t\t\t\t<\/div>\n\t\t\t\t\t\t<div class=\"uagb-post__text uagb-post__cta wp-block-button\">\n\t\t\t\t<a class=\"wp-block-button__link uagb-text-link\" style=\"\" href=\"https:\/\/www.camarabaixagrande.ba.gov.br\/documentos\/2023\/06\/30\/decretos-e-respectivas-publicacoes-referente-a-alteracoes-de-qdd-4\/\" target=\"_self\" rel=\"bookmark noopener noreferrer\">Ler mais<\/a>\n\t\t\t<\/div>\n\t\t\t\n\t\t\t\t\t\t\t\t\t<\/article>\n\t\t\t\t\t\t\t\t\t\t\t\t\t\t\t\t<article class=\"uagb-post__inner-wrap\">\t\t\t\t\t\t\t\t<h4 class=\"uagb-post__title uagb-post__text\">\n\t\t\t\t<a href=\"https:\/\/www.camarabaixagrande.ba.gov.br\/documentos\/2023\/05\/30\/decretos-e-respectivas-publicacoes-referente-a-alteracoes-de-qdd-3\/\" target=\"_self\" rel=\"bookmark noopener noreferrer\">Decretos e respectivas publica\u00e7\u00f5es referente a altera\u00e7\u00f5es de QDD<\/a>\n\t\t\t<\/h4>\n\t\t\t\t\t\t<div class='uagb-post__text uagb-post-grid-byline'>\n\t\t\t\t\t\t\t\t<time datetime=\"2023-05-30T22:35:50-03:00\" class=\"uagb-post__date\">\n\t\t\t\t<span class=\"dashicons-calendar dashicons\"><\/span>\t\t\t\t\tmaio 30, 2023\t\t\t\t<\/time>\n\t\t\t\t\t\t<\/div>\n\t\t\t\t\t\t<div class=\"uagb-post__text uagb-post__cta wp-block-button\">\n\t\t\t\t<a class=\"wp-block-button__link uagb-text-link\" style=\"\" href=\"https:\/\/www.camarabaixagrande.ba.gov.br\/documentos\/2023\/05\/30\/decretos-e-respectivas-publicacoes-referente-a-alteracoes-de-qdd-3\/\" target=\"_self\" rel=\"bookmark noopener noreferrer\">Ler mais<\/a>\n\t\t\t<\/div>\n\t\t\t\n\t\t\t\t\t\t\t\t\t<\/article>\n\t\t\t\t\t\t\t\t\t\t\t\t\t\t\t\t<article class=\"uagb-post__inner-wrap\">\t\t\t\t\t\t\t\t<h4 class=\"uagb-post__title uagb-post__text\">\n\t\t\t\t<a href=\"https:\/\/www.camarabaixagrande.ba.gov.br\/documentos\/2023\/05\/30\/decretos-e-respectivas-publicacoes-referente-a-creditos-adicionais-suplementares-2\/\" target=\"_self\" rel=\"bookmark noopener noreferrer\">Decretos e respectivas publica\u00e7\u00f5es referente a cr\u00e9ditos adicionais suplementares<\/a>\n\t\t\t<\/h4>\n\t\t\t\t\t\t<div class='uagb-post__text uagb-post-grid-byline'>\n\t\t\t\t\t\t\t\t<time datetime=\"2023-05-30T06:04:40-03:00\" class=\"uagb-post__date\">\n\t\t\t\t<span class=\"dashicons-calendar dashicons\"><\/span>\t\t\t\t\tmaio 30, 2023\t\t\t\t<\/time>\n\t\t\t\t\t\t<\/div>\n\t\t\t\t\t\t<div class=\"uagb-post__text uagb-post__cta wp-block-button\">\n\t\t\t\t<a class=\"wp-block-button__link uagb-text-link\" style=\"\" href=\"https:\/\/www.camarabaixagrande.ba.gov.br\/documentos\/2023\/05\/30\/decretos-e-respectivas-publicacoes-referente-a-creditos-adicionais-suplementares-2\/\" target=\"_self\" rel=\"bookmark noopener noreferrer\">Ler mais<\/a>\n\t\t\t<\/div>\n\t\t\t\n\t\t\t\t\t\t\t\t\t<\/article>\n\t\t\t\t\t\t\t\t\t\t\t\t\t\t\t\t<article class=\"uagb-post__inner-wrap\">\t\t\t\t\t\t\t\t<h4 class=\"uagb-post__title uagb-post__text\">\n\t\t\t\t<a href=\"https:\/\/www.camarabaixagrande.ba.gov.br\/documentos\/2023\/05\/30\/decretos-e-respectivas-publicacoes-referente-a-creditos-adicionais-extraordinarios-2\/\" target=\"_self\" rel=\"bookmark noopener noreferrer\">Decretos e respectivas publica\u00e7\u00f5es referente a cr\u00e9ditos adicionais extraordin\u00e1rios<\/a>\n\t\t\t<\/h4>\n\t\t\t\t\t\t<div class='uagb-post__text uagb-post-grid-byline'>\n\t\t\t\t\t\t\t\t<time datetime=\"2023-05-30T06:03:58-03:00\" class=\"uagb-post__date\">\n\t\t\t\t<span class=\"dashicons-calendar dashicons\"><\/span>\t\t\t\t\tmaio 30, 2023\t\t\t\t<\/time>\n\t\t\t\t\t\t<\/div>\n\t\t\t\t\t\t<div class=\"uagb-post__text uagb-post__cta wp-block-button\">\n\t\t\t\t<a class=\"wp-block-button__link uagb-text-link\" style=\"\" href=\"https:\/\/www.camarabaixagrande.ba.gov.br\/documentos\/2023\/05\/30\/decretos-e-respectivas-publicacoes-referente-a-creditos-adicionais-extraordinarios-2\/\" target=\"_self\" rel=\"bookmark noopener noreferrer\">Ler mais<\/a>\n\t\t\t<\/div>\n\t\t\t\n\t\t\t\t\t\t\t\t\t<\/article>\n\t\t\t\t\t\t\t\t\t\t\t\t\t\t\t\t<article class=\"uagb-post__inner-wrap\">\t\t\t\t\t\t\t\t<h4 class=\"uagb-post__title uagb-post__text\">\n\t\t\t\t<a href=\"https:\/\/www.camarabaixagrande.ba.gov.br\/documentos\/2023\/05\/30\/decretos-e-respectivas-publicacoes-referente-a-credito-adicionais-especiais-2\/\" target=\"_self\" rel=\"bookmark noopener noreferrer\">Decretos e respectivas publica\u00e7\u00f5es referente a cr\u00e9dito adicionais especiais<\/a>\n\t\t\t<\/h4>\n\t\t\t\t\t\t<div class='uagb-post__text uagb-post-grid-byline'>\n\t\t\t\t\t\t\t\t<time datetime=\"2023-05-30T06:02:48-03:00\" class=\"uagb-post__date\">\n\t\t\t\t<span class=\"dashicons-calendar dashicons\"><\/span>\t\t\t\t\tmaio 30, 2023\t\t\t\t<\/time>\n\t\t\t\t\t\t<\/div>\n\t\t\t\t\t\t<div class=\"uagb-post__text uagb-post__cta wp-block-button\">\n\t\t\t\t<a class=\"wp-block-button__link uagb-text-link\" style=\"\" href=\"https:\/\/www.camarabaixagrande.ba.gov.br\/documentos\/2023\/05\/30\/decretos-e-respectivas-publicacoes-referente-a-credito-adicionais-especiais-2\/\" target=\"_self\" rel=\"bookmark noopener noreferrer\">Ler mais<\/a>\n\t\t\t<\/div>\n\t\t\t\n\t\t\t\t\t\t\t\t\t<\/article>\n\t\t\t\t\t\t\t\t\t\t\t\t\t\t\t\t<article class=\"uagb-post__inner-wrap\">\t\t\t\t\t\t\t\t<h4 class=\"uagb-post__title uagb-post__text\">\n\t\t\t\t<a href=\"https:\/\/www.camarabaixagrande.ba.gov.br\/documentos\/2023\/04\/30\/decretos-e-respectivas-publicacoes-referente-a-creditos-adicionais-suplementares\/\" target=\"_self\" rel=\"bookmark noopener noreferrer\">Decretos e respectivas publica\u00e7\u00f5es referente a cr\u00e9ditos adicionais suplementares<\/a>\n\t\t\t<\/h4>\n\t\t\t\t\t\t<div class='uagb-post__text uagb-post-grid-byline'>\n\t\t\t\t\t\t\t\t<time datetime=\"2023-04-30T05:44:18-03:00\" class=\"uagb-post__date\">\n\t\t\t\t<span class=\"dashicons-calendar dashicons\"><\/span>\t\t\t\t\tabril 30, 2023\t\t\t\t<\/time>\n\t\t\t\t\t\t<\/div>\n\t\t\t\t\t\t<div class=\"uagb-post__text uagb-post__cta wp-block-button\">\n\t\t\t\t<a class=\"wp-block-button__link uagb-text-link\" style=\"\" href=\"https:\/\/www.camarabaixagrande.ba.gov.br\/documentos\/2023\/04\/30\/decretos-e-respectivas-publicacoes-referente-a-creditos-adicionais-suplementares\/\" target=\"_self\" rel=\"bookmark noopener noreferrer\">Ler mais<\/a>\n\t\t\t<\/div>\n\t\t\t\n\t\t\t\t\t\t\t\t\t<\/article>\n\t\t\t\t\t\t\t\t\t\t\t\t\t\t\t\t<article class=\"uagb-post__inner-wrap\">\t\t\t\t\t\t\t\t<h4 class=\"uagb-post__title uagb-post__text\">\n\t\t\t\t<a href=\"https:\/\/www.camarabaixagrande.ba.gov.br\/documentos\/2023\/04\/30\/decretos-e-respectivas-publicacoes-referente-a-creditos-adicionais-extraordinarios\/\" target=\"_self\" rel=\"bookmark noopener noreferrer\">Decretos e respectivas publica\u00e7\u00f5es referente a cr\u00e9ditos adicionais extraordin\u00e1rios<\/a>\n\t\t\t<\/h4>\n\t\t\t\t\t\t<div class='uagb-post__text uagb-post-grid-byline'>\n\t\t\t\t\t\t\t\t<time datetime=\"2023-04-30T05:43:35-03:00\" class=\"uagb-post__date\">\n\t\t\t\t<span class=\"dashicons-calendar dashicons\"><\/span>\t\t\t\t\tabril 30, 2023\t\t\t\t<\/time>\n\t\t\t\t\t\t<\/div>\n\t\t\t\t\t\t<div class=\"uagb-post__text uagb-post__cta wp-block-button\">\n\t\t\t\t<a class=\"wp-block-button__link uagb-text-link\" style=\"\" href=\"https:\/\/www.camarabaixagrande.ba.gov.br\/documentos\/2023\/04\/30\/decretos-e-respectivas-publicacoes-referente-a-creditos-adicionais-extraordinarios\/\" target=\"_self\" rel=\"bookmark noopener noreferrer\">Ler mais<\/a>\n\t\t\t<\/div>\n\t\t\t\n\t\t\t\t\t\t\t\t\t<\/article>\n\t\t\t\t\t\t\t\t\t\t\t\t\t\t\t\t<article class=\"uagb-post__inner-wrap\">\t\t\t\t\t\t\t\t<h4 class=\"uagb-post__title uagb-post__text\">\n\t\t\t\t<a href=\"https:\/\/www.camarabaixagrande.ba.gov.br\/documentos\/2023\/04\/30\/decretos-e-respectivas-publicacoes-referente-a-credito-adicionais-especiais\/\" target=\"_self\" rel=\"bookmark noopener noreferrer\">Decretos e respectivas publica\u00e7\u00f5es referente a cr\u00e9dito adicionais especiais<\/a>\n\t\t\t<\/h4>\n\t\t\t\t\t\t<div class='uagb-post__text uagb-post-grid-byline'>\n\t\t\t\t\t\t\t\t<time datetime=\"2023-04-30T05:42:46-03:00\" class=\"uagb-post__date\">\n\t\t\t\t<span class=\"dashicons-calendar dashicons\"><\/span>\t\t\t\t\tabril 30, 2023\t\t\t\t<\/time>\n\t\t\t\t\t\t<\/div>\n\t\t\t\t\t\t<div class=\"uagb-post__text uagb-post__cta wp-block-button\">\n\t\t\t\t<a class=\"wp-block-button__link uagb-text-link\" style=\"\" href=\"https:\/\/www.camarabaixagrande.ba.gov.br\/documentos\/2023\/04\/30\/decretos-e-respectivas-publicacoes-referente-a-credito-adicionais-especiais\/\" target=\"_self\" rel=\"bookmark noopener noreferrer\">Ler mais<\/a>\n\t\t\t<\/div>\n\t\t\t\n\t\t\t\t\t\t\t\t\t<\/article>\n\t\t\t\t\t\t\t\t\t\t\t\t\t\t\t\t<article class=\"uagb-post__inner-wrap\">\t\t\t\t\t\t\t\t<h4 class=\"uagb-post__title uagb-post__text\">\n\t\t\t\t<a href=\"https:\/\/www.camarabaixagrande.ba.gov.br\/documentos\/2023\/04\/30\/decretos-e-respectivas-publicacoes-referente-a-alteracoes-de-qdd-2\/\" target=\"_self\" rel=\"bookmark noopener noreferrer\">Decretos e respectivas publica\u00e7\u00f5es referente a altera\u00e7\u00f5es de QDD<\/a>\n\t\t\t<\/h4>\n\t\t\t\t\t\t<div class='uagb-post__text uagb-post-grid-byline'>\n\t\t\t\t\t\t\t\t<time datetime=\"2023-04-30T05:41:51-03:00\" class=\"uagb-post__date\">\n\t\t\t\t<span class=\"dashicons-calendar dashicons\"><\/span>\t\t\t\t\tabril 30, 2023\t\t\t\t<\/time>\n\t\t\t\t\t\t<\/div>\n\t\t\t\t\t\t<div class=\"uagb-post__text uagb-post__cta wp-block-button\">\n\t\t\t\t<a class=\"wp-block-button__link uagb-text-link\" style=\"\" href=\"https:\/\/www.camarabaixagrande.ba.gov.br\/documentos\/2023\/04\/30\/decretos-e-respectivas-publicacoes-referente-a-alteracoes-de-qdd-2\/\" target=\"_self\" rel=\"bookmark noopener noreferrer\">Ler mais<\/a>\n\t\t\t<\/div>\n\t\t\t\n\t\t\t\t\t\t\t\t\t<\/article>\n\t\t\t\t\t\t\t\t\t\t\t\t\t\t\t\t<article class=\"uagb-post__inner-wrap\">\t\t\t\t\t\t\t\t<h4 class=\"uagb-post__title uagb-post__text\">\n\t\t\t\t<a href=\"https:\/\/www.camarabaixagrande.ba.gov.br\/documentos\/2023\/03\/30\/decretos-marco-de-2023\/\" target=\"_self\" rel=\"bookmark noopener noreferrer\">Decretos &#8211; mar\u00e7o de 2023<\/a>\n\t\t\t<\/h4>\n\t\t\t\t\t\t<div class='uagb-post__text uagb-post-grid-byline'>\n\t\t\t\t\t\t\t\t<time datetime=\"2023-03-30T06:43:29-03:00\" class=\"uagb-post__date\">\n\t\t\t\t<span class=\"dashicons-calendar dashicons\"><\/span>\t\t\t\t\tmar\u00e7o 30, 2023\t\t\t\t<\/time>\n\t\t\t\t\t\t<\/div>\n\t\t\t\t\t\t<div class=\"uagb-post__text uagb-post__cta wp-block-button\">\n\t\t\t\t<a class=\"wp-block-button__link uagb-text-link\" style=\"\" href=\"https:\/\/www.camarabaixagrande.ba.gov.br\/documentos\/2023\/03\/30\/decretos-marco-de-2023\/\" target=\"_self\" rel=\"bookmark noopener noreferrer\">Ler mais<\/a>\n\t\t\t<\/div>\n\t\t\t\n\t\t\t\t\t\t\t\t\t<\/article>\n\t\t\t\t\t\t\t\t\t\t\t\t\t\t\t\t<article class=\"uagb-post__inner-wrap\">\t\t\t\t\t\t\t\t<h4 class=\"uagb-post__title uagb-post__text\">\n\t\t\t\t<a href=\"https:\/\/www.camarabaixagrande.ba.gov.br\/documentos\/2023\/02\/28\/decreto-e-respectivas-publicacoes-referente-a-alteracoes-de-qdd\/\" target=\"_self\" rel=\"bookmark noopener noreferrer\">Decretos | fevereiro de 2023<\/a>\n\t\t\t<\/h4>\n\t\t\t\t\t\t<div class='uagb-post__text uagb-post-grid-byline'>\n\t\t\t\t\t\t\t\t<time datetime=\"2023-02-28T12:20:05-03:00\" class=\"uagb-post__date\">\n\t\t\t\t<span class=\"dashicons-calendar dashicons\"><\/span>\t\t\t\t\tfevereiro 28, 2023\t\t\t\t<\/time>\n\t\t\t\t\t\t<\/div>\n\t\t\t\t\t\t<div class=\"uagb-post__text uagb-post__cta wp-block-button\">\n\t\t\t\t<a class=\"wp-block-button__link uagb-text-link\" style=\"\" href=\"https:\/\/www.camarabaixagrande.ba.gov.br\/documentos\/2023\/02\/28\/decreto-e-respectivas-publicacoes-referente-a-alteracoes-de-qdd\/\" target=\"_self\" rel=\"bookmark noopener noreferrer\">Ler mais<\/a>\n\t\t\t<\/div>\n\t\t\t\n\t\t\t\t\t\t\t\t\t<\/article>\n\t\t\t\t\t\t\t\t\t\t\t\t\t\t\t\t<article class=\"uagb-post__inner-wrap\">\t\t\t\t\t\t\t\t<h4 class=\"uagb-post__title uagb-post__text\">\n\t\t\t\t<a href=\"https:\/\/www.camarabaixagrande.ba.gov.br\/documentos\/2023\/01\/30\/decreto-e-respectivas-publicacoes-referentes-a-creditos-adicionais-suplementares\/\" target=\"_self\" rel=\"bookmark noopener noreferrer\">Decreto e respectivas publica\u00e7\u00f5es referentes a cr\u00e9ditos adicionais suplementares<\/a>\n\t\t\t<\/h4>\n\t\t\t\t\t\t<div class='uagb-post__text uagb-post-grid-byline'>\n\t\t\t\t\t\t\t\t<time datetime=\"2023-01-30T07:12:12-03:00\" class=\"uagb-post__date\">\n\t\t\t\t<span class=\"dashicons-calendar dashicons\"><\/span>\t\t\t\t\tjaneiro 30, 2023\t\t\t\t<\/time>\n\t\t\t\t\t\t<\/div>\n\t\t\t\t\t\t<div class=\"uagb-post__text uagb-post__cta wp-block-button\">\n\t\t\t\t<a class=\"wp-block-button__link uagb-text-link\" style=\"\" href=\"https:\/\/www.camarabaixagrande.ba.gov.br\/documentos\/2023\/01\/30\/decreto-e-respectivas-publicacoes-referentes-a-creditos-adicionais-suplementares\/\" target=\"_self\" rel=\"bookmark noopener noreferrer\">Ler mais<\/a>\n\t\t\t<\/div>\n\t\t\t\n\t\t\t\t\t\t\t\t\t<\/article>\n\t\t\t\t\t\t\t\t\t\t\t\t\t\t\t\t<article class=\"uagb-post__inner-wrap\">\t\t\t\t\t\t\t\t<h4 class=\"uagb-post__title uagb-post__text\">\n\t\t\t\t<a href=\"https:\/\/www.camarabaixagrande.ba.gov.br\/documentos\/2023\/01\/30\/decreto-e-respectivas-publicacoes-referente-a-creditos-adicionais-extraordinarios\/\" target=\"_self\" rel=\"bookmark noopener noreferrer\">Decreto e respectivas publica\u00e7\u00f5es referente a cr\u00e9ditos adicionais extraordinarios<\/a>\n\t\t\t<\/h4>\n\t\t\t\t\t\t<div class='uagb-post__text uagb-post-grid-byline'>\n\t\t\t\t\t\t\t\t<time datetime=\"2023-01-30T07:11:05-03:00\" class=\"uagb-post__date\">\n\t\t\t\t<span class=\"dashicons-calendar dashicons\"><\/span>\t\t\t\t\tjaneiro 30, 2023\t\t\t\t<\/time>\n\t\t\t\t\t\t<\/div>\n\t\t\t\t\t\t<div class=\"uagb-post__text uagb-post__cta wp-block-button\">\n\t\t\t\t<a class=\"wp-block-button__link uagb-text-link\" style=\"\" href=\"https:\/\/www.camarabaixagrande.ba.gov.br\/documentos\/2023\/01\/30\/decreto-e-respectivas-publicacoes-referente-a-creditos-adicionais-extraordinarios\/\" target=\"_self\" rel=\"bookmark noopener noreferrer\">Ler mais<\/a>\n\t\t\t<\/div>\n\t\t\t\n\t\t\t\t\t\t\t\t\t<\/article>\n\t\t\t\t\t\t\t\t\t\t\t\t\t\t\t\t<article class=\"uagb-post__inner-wrap\">\t\t\t\t\t\t\t\t<h4 class=\"uagb-post__title uagb-post__text\">\n\t\t\t\t<a href=\"https:\/\/www.camarabaixagrande.ba.gov.br\/documentos\/2023\/01\/30\/decreto-e-respectivas-publicacoes-referente-a-creditos-adicionais-especiais\/\" target=\"_self\" rel=\"bookmark noopener noreferrer\">Decreto e respectivas publica\u00e7\u00f5es referente  a creditos adicionais especiais<\/a>\n\t\t\t<\/h4>\n\t\t\t\t\t\t<div class='uagb-post__text uagb-post-grid-byline'>\n\t\t\t\t\t\t\t\t<time datetime=\"2023-01-30T07:08:43-03:00\" class=\"uagb-post__date\">\n\t\t\t\t<span class=\"dashicons-calendar dashicons\"><\/span>\t\t\t\t\tjaneiro 30, 2023\t\t\t\t<\/time>\n\t\t\t\t\t\t<\/div>\n\t\t\t\t\t\t<div class=\"uagb-post__text uagb-post__cta wp-block-button\">\n\t\t\t\t<a class=\"wp-block-button__link uagb-text-link\" style=\"\" href=\"https:\/\/www.camarabaixagrande.ba.gov.br\/documentos\/2023\/01\/30\/decreto-e-respectivas-publicacoes-referente-a-creditos-adicionais-especiais\/\" target=\"_self\" rel=\"bookmark noopener noreferrer\">Ler mais<\/a>\n\t\t\t<\/div>\n\t\t\t\n\t\t\t\t\t\t\t\t\t<\/article>\n\t\t\t\t\t\t\t\t\t\t\t\t\t\t\t\t<article class=\"uagb-post__inner-wrap\">\t\t\t\t\t\t\t\t<h4 class=\"uagb-post__title uagb-post__text\">\n\t\t\t\t<a href=\"https:\/\/www.camarabaixagrande.ba.gov.br\/documentos\/2022\/12\/30\/decretos-dezembro-de-2022\/\" target=\"_self\" rel=\"bookmark noopener noreferrer\">Decretos &#8211; dezembro de 2022<\/a>\n\t\t\t<\/h4>\n\t\t\t\t\t\t<div class='uagb-post__text uagb-post-grid-byline'>\n\t\t\t\t\t\t\t\t<time datetime=\"2022-12-30T08:20:15-03:00\" class=\"uagb-post__date\">\n\t\t\t\t<span class=\"dashicons-calendar dashicons\"><\/span>\t\t\t\t\tdezembro 30, 2022\t\t\t\t<\/time>\n\t\t\t\t\t\t<\/div>\n\t\t\t\t\t\t<div class=\"uagb-post__text uagb-post__cta wp-block-button\">\n\t\t\t\t<a class=\"wp-block-button__link uagb-text-link\" style=\"\" href=\"https:\/\/www.camarabaixagrande.ba.gov.br\/documentos\/2022\/12\/30\/decretos-dezembro-de-2022\/\" target=\"_self\" rel=\"bookmark noopener noreferrer\">Ler mais<\/a>\n\t\t\t<\/div>\n\t\t\t\n\t\t\t\t\t\t\t\t\t<\/article>\n\t\t\t\t\t\t\t\t\t\t\t\t\t\t\t\t<article class=\"uagb-post__inner-wrap\">\t\t\t\t\t\t\t\t<h4 class=\"uagb-post__title uagb-post__text\">\n\t\t\t\t<a href=\"https:\/\/www.camarabaixagrande.ba.gov.br\/documentos\/2022\/11\/20\/decretos-novembro-de-2022\/\" target=\"_self\" rel=\"bookmark noopener noreferrer\">Decretos &#8211; Novembro de 2022<\/a>\n\t\t\t<\/h4>\n\t\t\t\t\t\t<div class='uagb-post__text uagb-post-grid-byline'>\n\t\t\t\t\t\t\t\t<time datetime=\"2022-11-20T13:56:54-03:00\" class=\"uagb-post__date\">\n\t\t\t\t<span class=\"dashicons-calendar dashicons\"><\/span>\t\t\t\t\tnovembro 20, 2022\t\t\t\t<\/time>\n\t\t\t\t\t\t<\/div>\n\t\t\t\t\t\t<div class=\"uagb-post__text uagb-post__cta wp-block-button\">\n\t\t\t\t<a class=\"wp-block-button__link uagb-text-link\" style=\"\" href=\"https:\/\/www.camarabaixagrande.ba.gov.br\/documentos\/2022\/11\/20\/decretos-novembro-de-2022\/\" target=\"_self\" rel=\"bookmark noopener noreferrer\">Ler mais<\/a>\n\t\t\t<\/div>\n\t\t\t\n\t\t\t\t\t\t\t\t\t<\/article>\n\t\t\t\t\t\t\t\t\t\t\t\t\t\t\t\t<article class=\"uagb-post__inner-wrap\">\t\t\t\t\t\t\t\t<h4 class=\"uagb-post__title uagb-post__text\">\n\t\t\t\t<a href=\"https:\/\/www.camarabaixagrande.ba.gov.br\/documentos\/2022\/09\/23\/decretos-setembros-de-2022\/\" target=\"_self\" rel=\"bookmark noopener noreferrer\">Decretos &#8211; Setembros de 2022<\/a>\n\t\t\t<\/h4>\n\t\t\t\t\t\t<div class='uagb-post__text uagb-post-grid-byline'>\n\t\t\t\t\t\t\t\t<time datetime=\"2022-09-23T05:53:10-03:00\" class=\"uagb-post__date\">\n\t\t\t\t<span class=\"dashicons-calendar dashicons\"><\/span>\t\t\t\t\tsetembro 23, 2022\t\t\t\t<\/time>\n\t\t\t\t\t\t<\/div>\n\t\t\t\t\t\t<div class=\"uagb-post__text uagb-post__cta wp-block-button\">\n\t\t\t\t<a class=\"wp-block-button__link uagb-text-link\" style=\"\" href=\"https:\/\/www.camarabaixagrande.ba.gov.br\/documentos\/2022\/09\/23\/decretos-setembros-de-2022\/\" target=\"_self\" rel=\"bookmark noopener noreferrer\">Ler mais<\/a>\n\t\t\t<\/div>\n\t\t\t\n\t\t\t\t\t\t\t\t\t<\/article>\n\t\t\t\t\t\t\t\t\t\t\t\t\t\t\t\t<article class=\"uagb-post__inner-wrap\">\t\t\t\t\t\t\t\t<h4 class=\"uagb-post__title uagb-post__text\">\n\t\t\t\t<a href=\"https:\/\/www.camarabaixagrande.ba.gov.br\/documentos\/2022\/08\/25\/decretos-agosto-de-2022\/\" target=\"_self\" rel=\"bookmark noopener noreferrer\">Decretos| agosto de 2022<\/a>\n\t\t\t<\/h4>\n\t\t\t\t\t\t<div class='uagb-post__text uagb-post-grid-byline'>\n\t\t\t\t\t\t\t\t<time datetime=\"2022-08-25T05:26:51-03:00\" class=\"uagb-post__date\">\n\t\t\t\t<span class=\"dashicons-calendar dashicons\"><\/span>\t\t\t\t\tagosto 25, 2022\t\t\t\t<\/time>\n\t\t\t\t\t\t<\/div>\n\t\t\t\t\t\t<div class=\"uagb-post__text uagb-post__cta wp-block-button\">\n\t\t\t\t<a class=\"wp-block-button__link uagb-text-link\" style=\"\" href=\"https:\/\/www.camarabaixagrande.ba.gov.br\/documentos\/2022\/08\/25\/decretos-agosto-de-2022\/\" target=\"_self\" rel=\"bookmark noopener noreferrer\">Ler mais<\/a>\n\t\t\t<\/div>\n\t\t\t\n\t\t\t\t\t\t\t\t\t<\/article>\n\t\t\t\t\t\t\t\t\t\t\t\t\t\t\t\t<article class=\"uagb-post__inner-wrap\">\t\t\t\t\t\t\t\t<h4 class=\"uagb-post__title uagb-post__text\">\n\t\t\t\t<a href=\"https:\/\/www.camarabaixagrande.ba.gov.br\/documentos\/2022\/07\/28\/decretos-julho-de-2022\/\" target=\"_self\" rel=\"bookmark noopener noreferrer\">Decretos | julho de 2022<\/a>\n\t\t\t<\/h4>\n\t\t\t\t\t\t<div class='uagb-post__text uagb-post-grid-byline'>\n\t\t\t\t\t\t\t\t<time datetime=\"2022-07-28T05:00:39-03:00\" class=\"uagb-post__date\">\n\t\t\t\t<span class=\"dashicons-calendar dashicons\"><\/span>\t\t\t\t\tjulho 28, 2022\t\t\t\t<\/time>\n\t\t\t\t\t\t<\/div>\n\t\t\t\t\t\t<div class=\"uagb-post__text uagb-post__cta wp-block-button\">\n\t\t\t\t<a class=\"wp-block-button__link uagb-text-link\" style=\"\" href=\"https:\/\/www.camarabaixagrande.ba.gov.br\/documentos\/2022\/07\/28\/decretos-julho-de-2022\/\" target=\"_self\" rel=\"bookmark noopener noreferrer\">Ler mais<\/a>\n\t\t\t<\/div>\n\t\t\t\n\t\t\t\t\t\t\t\t\t<\/article>\n\t\t\t\t\t\t\t\t\t\t\t\t\t\t\t\t<article class=\"uagb-post__inner-wrap\">\t\t\t\t\t\t\t\t<h4 class=\"uagb-post__title uagb-post__text\">\n\t\t\t\t<a href=\"https:\/\/www.camarabaixagrande.ba.gov.br\/documentos\/2022\/06\/30\/junho-de-2022-decretos\/\" target=\"_self\" rel=\"bookmark noopener noreferrer\">Junho de 2022 | Decretos<\/a>\n\t\t\t<\/h4>\n\t\t\t\t\t\t<div class='uagb-post__text uagb-post-grid-byline'>\n\t\t\t\t\t\t\t\t<time datetime=\"2022-06-30T23:08:48-03:00\" class=\"uagb-post__date\">\n\t\t\t\t<span class=\"dashicons-calendar dashicons\"><\/span>\t\t\t\t\tjunho 30, 2022\t\t\t\t<\/time>\n\t\t\t\t\t\t<\/div>\n\t\t\t\t\t\t<div class=\"uagb-post__text uagb-post__cta wp-block-button\">\n\t\t\t\t<a class=\"wp-block-button__link uagb-text-link\" style=\"\" href=\"https:\/\/www.camarabaixagrande.ba.gov.br\/documentos\/2022\/06\/30\/junho-de-2022-decretos\/\" target=\"_self\" rel=\"bookmark noopener noreferrer\">Ler mais<\/a>\n\t\t\t<\/div>\n\t\t\t\n\t\t\t\t\t\t\t\t\t<\/article>\n\t\t\t\t\t\t\t\t\t\t\t\t\t\t\t\t<article class=\"uagb-post__inner-wrap\">\t\t\t\t\t\t\t\t<h4 class=\"uagb-post__title uagb-post__text\">\n\t\t\t\t<a href=\"https:\/\/www.camarabaixagrande.ba.gov.br\/documentos\/2022\/05\/31\/decretos-de-maio-de-2022\/\" target=\"_self\" rel=\"bookmark noopener noreferrer\">Decretos de maio de 2022<\/a>\n\t\t\t<\/h4>\n\t\t\t\t\t\t<div class='uagb-post__text uagb-post-grid-byline'>\n\t\t\t\t\t\t\t\t<time datetime=\"2022-05-31T22:36:54-03:00\" class=\"uagb-post__date\">\n\t\t\t\t<span class=\"dashicons-calendar dashicons\"><\/span>\t\t\t\t\tmaio 31, 2022\t\t\t\t<\/time>\n\t\t\t\t\t\t<\/div>\n\t\t\t\t\t\t<div class=\"uagb-post__text uagb-post__cta wp-block-button\">\n\t\t\t\t<a class=\"wp-block-button__link uagb-text-link\" style=\"\" href=\"https:\/\/www.camarabaixagrande.ba.gov.br\/documentos\/2022\/05\/31\/decretos-de-maio-de-2022\/\" target=\"_self\" rel=\"bookmark noopener noreferrer\">Ler mais<\/a>\n\t\t\t<\/div>\n\t\t\t\n\t\t\t\t\t\t\t\t\t<\/article>\n\t\t\t\t\t\t\t\t\t\t\t\t\t\t\t\t<article class=\"uagb-post__inner-wrap\">\t\t\t\t\t\t\t\t<h4 class=\"uagb-post__title uagb-post__text\">\n\t\t\t\t<a href=\"https:\/\/www.camarabaixagrande.ba.gov.br\/documentos\/2022\/04\/30\/decretos-abril-de-2022\/\" target=\"_self\" rel=\"bookmark noopener noreferrer\">Decretos &#8211; abril de 2022<\/a>\n\t\t\t<\/h4>\n\t\t\t\t\t\t<div class='uagb-post__text uagb-post-grid-byline'>\n\t\t\t\t\t\t\t\t<time datetime=\"2022-04-30T09:41:12-03:00\" class=\"uagb-post__date\">\n\t\t\t\t<span class=\"dashicons-calendar dashicons\"><\/span>\t\t\t\t\tabril 30, 2022\t\t\t\t<\/time>\n\t\t\t\t\t\t<\/div>\n\t\t\t\t\t\t<div class=\"uagb-post__text uagb-post__cta wp-block-button\">\n\t\t\t\t<a class=\"wp-block-button__link uagb-text-link\" style=\"\" href=\"https:\/\/www.camarabaixagrande.ba.gov.br\/documentos\/2022\/04\/30\/decretos-abril-de-2022\/\" target=\"_self\" rel=\"bookmark noopener noreferrer\">Ler mais<\/a>\n\t\t\t<\/div>\n\t\t\t\n\t\t\t\t\t\t\t\t\t<\/article>\n\t\t\t\t\t\t\t\t\t\t\t\t\t\t\t\t<article class=\"uagb-post__inner-wrap\">\t\t\t\t\t\t\t\t<h4 class=\"uagb-post__title uagb-post__text\">\n\t\t\t\t<a href=\"https:\/\/www.camarabaixagrande.ba.gov.br\/documentos\/2022\/03\/30\/decreto-de-marco-de-2022\/\" target=\"_self\" rel=\"bookmark noopener noreferrer\">Decreto de Mar\u00e7o de 2022<\/a>\n\t\t\t<\/h4>\n\t\t\t\t\t\t<div class='uagb-post__text uagb-post-grid-byline'>\n\t\t\t\t\t\t\t\t<time datetime=\"2022-03-30T09:10:05-03:00\" class=\"uagb-post__date\">\n\t\t\t\t<span class=\"dashicons-calendar dashicons\"><\/span>\t\t\t\t\tmar\u00e7o 30, 2022\t\t\t\t<\/time>\n\t\t\t\t\t\t<\/div>\n\t\t\t\t\t\t<div class=\"uagb-post__text uagb-post__cta wp-block-button\">\n\t\t\t\t<a class=\"wp-block-button__link uagb-text-link\" style=\"\" href=\"https:\/\/www.camarabaixagrande.ba.gov.br\/documentos\/2022\/03\/30\/decreto-de-marco-de-2022\/\" target=\"_self\" rel=\"bookmark noopener noreferrer\">Ler mais<\/a>\n\t\t\t<\/div>\n\t\t\t\n\t\t\t\t\t\t\t\t\t<\/article>\n\t\t\t\t\t\t\t\t\t\t\t\t\t\t\t\t<article class=\"uagb-post__inner-wrap\">\t\t\t\t\t\t\t\t<h4 class=\"uagb-post__title uagb-post__text\">\n\t\t\t\t<a href=\"https:\/\/www.camarabaixagrande.ba.gov.br\/documentos\/2022\/02\/23\/decretos-fevereiro-de-2022\/\" target=\"_self\" rel=\"bookmark noopener noreferrer\">Decretos &#8211; fevereiro de 2022<\/a>\n\t\t\t<\/h4>\n\t\t\t\t\t\t<div class='uagb-post__text uagb-post-grid-byline'>\n\t\t\t\t\t\t\t\t<time datetime=\"2022-02-23T13:28:33-03:00\" class=\"uagb-post__date\">\n\t\t\t\t<span class=\"dashicons-calendar dashicons\"><\/span>\t\t\t\t\tfevereiro 23, 2022\t\t\t\t<\/time>\n\t\t\t\t\t\t<\/div>\n\t\t\t\t\t\t<div class=\"uagb-post__text uagb-post__cta wp-block-button\">\n\t\t\t\t<a class=\"wp-block-button__link uagb-text-link\" style=\"\" href=\"https:\/\/www.camarabaixagrande.ba.gov.br\/documentos\/2022\/02\/23\/decretos-fevereiro-de-2022\/\" target=\"_self\" rel=\"bookmark noopener noreferrer\">Ler mais<\/a>\n\t\t\t<\/div>\n\t\t\t\n\t\t\t\t\t\t\t\t\t<\/article>\n\t\t\t\t\t\t\t\t\t\t\t\t\t\t\t\t<article class=\"uagb-post__inner-wrap\">\t\t\t\t\t\t\t\t<h4 class=\"uagb-post__title uagb-post__text\">\n\t\t\t\t<a href=\"https:\/\/www.camarabaixagrande.ba.gov.br\/documentos\/2022\/01\/23\/decretos-janeiro-de-2022\/\" target=\"_self\" rel=\"bookmark noopener noreferrer\">Decretos &#8211; janeiro de 2022<\/a>\n\t\t\t<\/h4>\n\t\t\t\t\t\t<div class='uagb-post__text uagb-post-grid-byline'>\n\t\t\t\t\t\t\t\t<time datetime=\"2022-01-23T11:06:55-03:00\" class=\"uagb-post__date\">\n\t\t\t\t<span class=\"dashicons-calendar dashicons\"><\/span>\t\t\t\t\tjaneiro 23, 2022\t\t\t\t<\/time>\n\t\t\t\t\t\t<\/div>\n\t\t\t\t\t\t<div class=\"uagb-post__text uagb-post__cta wp-block-button\">\n\t\t\t\t<a class=\"wp-block-button__link uagb-text-link\" style=\"\" href=\"https:\/\/www.camarabaixagrande.ba.gov.br\/documentos\/2022\/01\/23\/decretos-janeiro-de-2022\/\" target=\"_self\" rel=\"bookmark noopener noreferrer\">Ler mais<\/a>\n\t\t\t<\/div>\n\t\t\t\n\t\t\t\t\t\t\t\t\t<\/article>\n\t\t\t\t\t\t\t\t\t\t\t\t\t\t\t\t<article class=\"uagb-post__inner-wrap\">\t\t\t\t\t\t\t\t<h4 class=\"uagb-post__title uagb-post__text\">\n\t\t\t\t<a href=\"https:\/\/www.camarabaixagrande.ba.gov.br\/documentos\/2021\/12\/30\/decretos-dezembro-de-2021\/\" target=\"_self\" rel=\"bookmark noopener noreferrer\">Decretos &#8211; dezembro de 2021<\/a>\n\t\t\t<\/h4>\n\t\t\t\t\t\t<div class='uagb-post__text uagb-post-grid-byline'>\n\t\t\t\t\t\t\t\t<time datetime=\"2021-12-30T06:53:39-03:00\" class=\"uagb-post__date\">\n\t\t\t\t<span class=\"dashicons-calendar dashicons\"><\/span>\t\t\t\t\tdezembro 30, 2021\t\t\t\t<\/time>\n\t\t\t\t\t\t<\/div>\n\t\t\t\t\t\t<div class=\"uagb-post__text uagb-post__cta wp-block-button\">\n\t\t\t\t<a class=\"wp-block-button__link uagb-text-link\" style=\"\" href=\"https:\/\/www.camarabaixagrande.ba.gov.br\/documentos\/2021\/12\/30\/decretos-dezembro-de-2021\/\" target=\"_self\" rel=\"bookmark noopener noreferrer\">Ler mais<\/a>\n\t\t\t<\/div>\n\t\t\t\n\t\t\t\t\t\t\t\t\t<\/article>\n\t\t\t\t\t\t\t\t\t\t\t\t\t\t\t\t<article class=\"uagb-post__inner-wrap\">\t\t\t\t\t\t\t\t<h4 class=\"uagb-post__title uagb-post__text\">\n\t\t\t\t<a href=\"https:\/\/www.camarabaixagrande.ba.gov.br\/documentos\/2021\/11\/26\/decretos-de-novembro-de-2021\/\" target=\"_self\" rel=\"bookmark noopener noreferrer\">Decretos de Novembro de 2021<\/a>\n\t\t\t<\/h4>\n\t\t\t\t\t\t<div class='uagb-post__text uagb-post-grid-byline'>\n\t\t\t\t\t\t\t\t<time datetime=\"2021-11-26T07:16:38-03:00\" class=\"uagb-post__date\">\n\t\t\t\t<span class=\"dashicons-calendar dashicons\"><\/span>\t\t\t\t\tnovembro 26, 2021\t\t\t\t<\/time>\n\t\t\t\t\t\t<\/div>\n\t\t\t\t\t\t<div class=\"uagb-post__text uagb-post__cta wp-block-button\">\n\t\t\t\t<a class=\"wp-block-button__link uagb-text-link\" style=\"\" href=\"https:\/\/www.camarabaixagrande.ba.gov.br\/documentos\/2021\/11\/26\/decretos-de-novembro-de-2021\/\" target=\"_self\" rel=\"bookmark noopener noreferrer\">Ler mais<\/a>\n\t\t\t<\/div>\n\t\t\t\n\t\t\t\t\t\t\t\t\t<\/article>\n\t\t\t\t\t\t\t\t\t\t\t\t\t\t\t\t<article class=\"uagb-post__inner-wrap\">\t\t\t\t\t\t\t\t<h4 class=\"uagb-post__title uagb-post__text\">\n\t\t\t\t<a href=\"https:\/\/www.camarabaixagrande.ba.gov.br\/documentos\/2021\/10\/22\/decretos-de-outubro-de-2021\/\" target=\"_self\" rel=\"bookmark noopener noreferrer\">Decretos de Outubro de 2021<\/a>\n\t\t\t<\/h4>\n\t\t\t\t\t\t<div class='uagb-post__text uagb-post-grid-byline'>\n\t\t\t\t\t\t\t\t<time datetime=\"2021-10-22T10:41:35-03:00\" class=\"uagb-post__date\">\n\t\t\t\t<span class=\"dashicons-calendar dashicons\"><\/span>\t\t\t\t\toutubro 22, 2021\t\t\t\t<\/time>\n\t\t\t\t\t\t<\/div>\n\t\t\t\t\t\t<div class=\"uagb-post__text uagb-post__cta wp-block-button\">\n\t\t\t\t<a class=\"wp-block-button__link uagb-text-link\" style=\"\" href=\"https:\/\/www.camarabaixagrande.ba.gov.br\/documentos\/2021\/10\/22\/decretos-de-outubro-de-2021\/\" target=\"_self\" rel=\"bookmark noopener noreferrer\">Ler mais<\/a>\n\t\t\t<\/div>\n\t\t\t\n\t\t\t\t\t\t\t\t\t<\/article>\n\t\t\t\t\t\t\t\t\t\t\t\t\t\t\t\t<article class=\"uagb-post__inner-wrap\">\t\t\t\t\t\t\t\t<h4 class=\"uagb-post__title uagb-post__text\">\n\t\t\t\t<a href=\"https:\/\/www.camarabaixagrande.ba.gov.br\/documentos\/2021\/09\/29\/decretos-emitidos-em-setembro-de-2021\/\" target=\"_self\" rel=\"bookmark noopener noreferrer\">Decretos emitidos em setembro de 2021<\/a>\n\t\t\t<\/h4>\n\t\t\t\t\t\t<div class='uagb-post__text uagb-post-grid-byline'>\n\t\t\t\t\t\t\t\t<time datetime=\"2021-09-29T14:11:12-03:00\" class=\"uagb-post__date\">\n\t\t\t\t<span class=\"dashicons-calendar dashicons\"><\/span>\t\t\t\t\tsetembro 29, 2021\t\t\t\t<\/time>\n\t\t\t\t\t\t<\/div>\n\t\t\t\t\t\t<div class=\"uagb-post__text uagb-post__cta wp-block-button\">\n\t\t\t\t<a class=\"wp-block-button__link uagb-text-link\" style=\"\" href=\"https:\/\/www.camarabaixagrande.ba.gov.br\/documentos\/2021\/09\/29\/decretos-emitidos-em-setembro-de-2021\/\" target=\"_self\" rel=\"bookmark noopener noreferrer\">Ler mais<\/a>\n\t\t\t<\/div>\n\t\t\t\n\t\t\t\t\t\t\t\t\t<\/article>\n\t\t\t\t\t\t\t\t\t\t\t\t\t\t\t\t<article class=\"uagb-post__inner-wrap\">\t\t\t\t\t\t\t\t<h4 class=\"uagb-post__title uagb-post__text\">\n\t\t\t\t<a href=\"https:\/\/www.camarabaixagrande.ba.gov.br\/documentos\/2021\/08\/22\/decretos-de-agosto-de-2021\/\" target=\"_self\" rel=\"bookmark noopener noreferrer\">Decretos de agosto de 2021<\/a>\n\t\t\t<\/h4>\n\t\t\t\t\t\t<div class='uagb-post__text uagb-post-grid-byline'>\n\t\t\t\t\t\t\t\t<time datetime=\"2021-08-22T11:30:16-03:00\" class=\"uagb-post__date\">\n\t\t\t\t<span class=\"dashicons-calendar dashicons\"><\/span>\t\t\t\t\tagosto 22, 2021\t\t\t\t<\/time>\n\t\t\t\t\t\t<\/div>\n\t\t\t\t\t\t<div class=\"uagb-post__text uagb-post__cta wp-block-button\">\n\t\t\t\t<a class=\"wp-block-button__link uagb-text-link\" style=\"\" href=\"https:\/\/www.camarabaixagrande.ba.gov.br\/documentos\/2021\/08\/22\/decretos-de-agosto-de-2021\/\" target=\"_self\" rel=\"bookmark noopener noreferrer\">Ler mais<\/a>\n\t\t\t<\/div>\n\t\t\t\n\t\t\t\t\t\t\t\t\t<\/article>\n\t\t\t\t\t\t\t\t\t\t\t\t\t\t\t\t<article class=\"uagb-post__inner-wrap\">\t\t\t\t\t\t\t\t<h4 class=\"uagb-post__title uagb-post__text\">\n\t\t\t\t<a href=\"https:\/\/www.camarabaixagrande.ba.gov.br\/documentos\/2021\/07\/19\/decreto-de-julho-de-2021\/\" target=\"_self\" rel=\"bookmark noopener noreferrer\">Decreto de Julho de 2021<\/a>\n\t\t\t<\/h4>\n\t\t\t\t\t\t<div class='uagb-post__text uagb-post-grid-byline'>\n\t\t\t\t\t\t\t\t<time datetime=\"2021-07-19T07:48:37-03:00\" class=\"uagb-post__date\">\n\t\t\t\t<span class=\"dashicons-calendar dashicons\"><\/span>\t\t\t\t\tjulho 19, 2021\t\t\t\t<\/time>\n\t\t\t\t\t\t<\/div>\n\t\t\t\t\t\t<div class=\"uagb-post__text uagb-post__cta wp-block-button\">\n\t\t\t\t<a class=\"wp-block-button__link uagb-text-link\" style=\"\" href=\"https:\/\/www.camarabaixagrande.ba.gov.br\/documentos\/2021\/07\/19\/decreto-de-julho-de-2021\/\" target=\"_self\" rel=\"bookmark noopener noreferrer\">Ler mais<\/a>\n\t\t\t<\/div>\n\t\t\t\n\t\t\t\t\t\t\t\t\t<\/article>\n\t\t\t\t\t\t\t\t\t\t\t\t\t\t\t\t<article class=\"uagb-post__inner-wrap\">\t\t\t\t\t\t\t\t<h4 class=\"uagb-post__title uagb-post__text\">\n\t\t\t\t<a href=\"https:\/\/www.camarabaixagrande.ba.gov.br\/documentos\/2021\/06\/29\/decretos-junho-de-2021\/\" target=\"_self\" rel=\"bookmark noopener noreferrer\">Decretos | Junho de 2021<\/a>\n\t\t\t<\/h4>\n\t\t\t\t\t\t<div class='uagb-post__text uagb-post-grid-byline'>\n\t\t\t\t\t\t\t\t<time datetime=\"2021-06-29T06:48:49-03:00\" class=\"uagb-post__date\">\n\t\t\t\t<span class=\"dashicons-calendar dashicons\"><\/span>\t\t\t\t\tjunho 29, 2021\t\t\t\t<\/time>\n\t\t\t\t\t\t<\/div>\n\t\t\t\t\t\t<div class=\"uagb-post__text uagb-post__cta wp-block-button\">\n\t\t\t\t<a class=\"wp-block-button__link uagb-text-link\" style=\"\" href=\"https:\/\/www.camarabaixagrande.ba.gov.br\/documentos\/2021\/06\/29\/decretos-junho-de-2021\/\" target=\"_self\" rel=\"bookmark noopener noreferrer\">Ler mais<\/a>\n\t\t\t<\/div>\n\t\t\t\n\t\t\t\t\t\t\t\t\t<\/article>\n\t\t\t\t\t\t\t\t\t\t\t\t\t\t\t\t<article class=\"uagb-post__inner-wrap\">\t\t\t\t\t\t\t\t<h4 class=\"uagb-post__title uagb-post__text\">\n\t\t\t\t<a href=\"https:\/\/www.camarabaixagrande.ba.gov.br\/documentos\/2021\/05\/28\/decretos-feito-em-maio-de-2021\/\" target=\"_self\" rel=\"bookmark noopener noreferrer\">Decretos feito em Maio de 2021<\/a>\n\t\t\t<\/h4>\n\t\t\t\t\t\t<div class='uagb-post__text uagb-post-grid-byline'>\n\t\t\t\t\t\t\t\t<time datetime=\"2021-05-28T22:03:30-03:00\" class=\"uagb-post__date\">\n\t\t\t\t<span class=\"dashicons-calendar dashicons\"><\/span>\t\t\t\t\tmaio 28, 2021\t\t\t\t<\/time>\n\t\t\t\t\t\t<\/div>\n\t\t\t\t\t\t<div class=\"uagb-post__text uagb-post__cta wp-block-button\">\n\t\t\t\t<a class=\"wp-block-button__link uagb-text-link\" style=\"\" href=\"https:\/\/www.camarabaixagrande.ba.gov.br\/documentos\/2021\/05\/28\/decretos-feito-em-maio-de-2021\/\" target=\"_self\" rel=\"bookmark noopener noreferrer\">Ler mais<\/a>\n\t\t\t<\/div>\n\t\t\t\n\t\t\t\t\t\t\t\t\t<\/article>\n\t\t\t\t\t\t\t\t\t\t\t\t\t\t\t\t<article class=\"uagb-post__inner-wrap\">\t\t\t\t\t\t\t\t<h4 class=\"uagb-post__title uagb-post__text\">\n\t\t\t\t<a href=\"https:\/\/www.camarabaixagrande.ba.gov.br\/documentos\/2021\/04\/30\/decreto-e-respectivas-publicacoes-referentes-a-alteracoes-de-qdd\/\" target=\"_self\" rel=\"bookmark noopener noreferrer\">Decreto e Respectivas Publica\u00e7\u00f5es Referentes a Altera\u00e7\u00f5es de QDD<\/a>\n\t\t\t<\/h4>\n\t\t\t\t\t\t<div class='uagb-post__text uagb-post-grid-byline'>\n\t\t\t\t\t\t\t\t<time datetime=\"2021-04-30T19:06:38-03:00\" class=\"uagb-post__date\">\n\t\t\t\t<span class=\"dashicons-calendar dashicons\"><\/span>\t\t\t\t\tabril 30, 2021\t\t\t\t<\/time>\n\t\t\t\t\t\t<\/div>\n\t\t\t\t\t\t<div class=\"uagb-post__text uagb-post__cta wp-block-button\">\n\t\t\t\t<a class=\"wp-block-button__link uagb-text-link\" style=\"\" href=\"https:\/\/www.camarabaixagrande.ba.gov.br\/documentos\/2021\/04\/30\/decreto-e-respectivas-publicacoes-referentes-a-alteracoes-de-qdd\/\" target=\"_self\" rel=\"bookmark noopener noreferrer\">Ler mais<\/a>\n\t\t\t<\/div>\n\t\t\t\n\t\t\t\t\t\t\t\t\t<\/article>\n\t\t\t\t\t\t\t\t\t\t\t\t\t\t\t\t<article class=\"uagb-post__inner-wrap\">\t\t\t\t\t\t\t\t<h4 class=\"uagb-post__title uagb-post__text\">\n\t\t\t\t<a href=\"https:\/\/www.camarabaixagrande.ba.gov.br\/documentos\/2021\/04\/15\/decreto-de-abertura-de-creditos-adicionais-suplementares\/\" target=\"_self\" rel=\"bookmark noopener noreferrer\">Decreto de Abertura de Cr\u00e9ditos Adicionais Suplementares<\/a>\n\t\t\t<\/h4>\n\t\t\t\t\t\t<div class='uagb-post__text uagb-post-grid-byline'>\n\t\t\t\t\t\t\t\t<time datetime=\"2021-04-15T19:05:37-03:00\" class=\"uagb-post__date\">\n\t\t\t\t<span class=\"dashicons-calendar dashicons\"><\/span>\t\t\t\t\tabril 15, 2021\t\t\t\t<\/time>\n\t\t\t\t\t\t<\/div>\n\t\t\t\t\t\t<div class=\"uagb-post__text uagb-post__cta wp-block-button\">\n\t\t\t\t<a class=\"wp-block-button__link uagb-text-link\" style=\"\" href=\"https:\/\/www.camarabaixagrande.ba.gov.br\/documentos\/2021\/04\/15\/decreto-de-abertura-de-creditos-adicionais-suplementares\/\" target=\"_self\" rel=\"bookmark noopener noreferrer\">Ler mais<\/a>\n\t\t\t<\/div>\n\t\t\t\n\t\t\t\t\t\t\t\t\t<\/article>\n\t\t\t\t\t\t\t\t\t\t\t\t\t\t\t\t<article class=\"uagb-post__inner-wrap\">\t\t\t\t\t\t\t\t<h4 class=\"uagb-post__title uagb-post__text\">\n\t\t\t\t<a href=\"https:\/\/www.camarabaixagrande.ba.gov.br\/documentos\/2021\/04\/15\/decreto-de-abertura-de-creditos-adicionais-extraordinarios\/\" target=\"_self\" rel=\"bookmark noopener noreferrer\">Decreto de Abertura de Cr\u00e9ditos Adicionais Extraordin\u00e1rios<\/a>\n\t\t\t<\/h4>\n\t\t\t\t\t\t<div class='uagb-post__text uagb-post-grid-byline'>\n\t\t\t\t\t\t\t\t<time datetime=\"2021-04-15T19:04:38-03:00\" class=\"uagb-post__date\">\n\t\t\t\t<span class=\"dashicons-calendar dashicons\"><\/span>\t\t\t\t\tabril 15, 2021\t\t\t\t<\/time>\n\t\t\t\t\t\t<\/div>\n\t\t\t\t\t\t<div class=\"uagb-post__text uagb-post__cta wp-block-button\">\n\t\t\t\t<a class=\"wp-block-button__link uagb-text-link\" style=\"\" href=\"https:\/\/www.camarabaixagrande.ba.gov.br\/documentos\/2021\/04\/15\/decreto-de-abertura-de-creditos-adicionais-extraordinarios\/\" target=\"_self\" rel=\"bookmark noopener noreferrer\">Ler mais<\/a>\n\t\t\t<\/div>\n\t\t\t\n\t\t\t\t\t\t\t\t\t<\/article>\n\t\t\t\t\t\t\t\t\t\t\t\t\t\t\t\t<article class=\"uagb-post__inner-wrap\">\t\t\t\t\t\t\t\t<h4 class=\"uagb-post__title uagb-post__text\">\n\t\t\t\t<a href=\"https:\/\/www.camarabaixagrande.ba.gov.br\/documentos\/2021\/04\/15\/decreto-de-abertura-de-creditos-adicionais-especiais\/\" target=\"_self\" rel=\"bookmark noopener noreferrer\">Decreto de Abertura de Cr\u00e9ditos Adicionais Especiais<\/a>\n\t\t\t<\/h4>\n\t\t\t\t\t\t<div class='uagb-post__text uagb-post-grid-byline'>\n\t\t\t\t\t\t\t\t<time datetime=\"2021-04-15T19:03:03-03:00\" class=\"uagb-post__date\">\n\t\t\t\t<span class=\"dashicons-calendar dashicons\"><\/span>\t\t\t\t\tabril 15, 2021\t\t\t\t<\/time>\n\t\t\t\t\t\t<\/div>\n\t\t\t\t\t\t<div class=\"uagb-post__text uagb-post__cta wp-block-button\">\n\t\t\t\t<a class=\"wp-block-button__link uagb-text-link\" style=\"\" href=\"https:\/\/www.camarabaixagrande.ba.gov.br\/documentos\/2021\/04\/15\/decreto-de-abertura-de-creditos-adicionais-especiais\/\" target=\"_self\" rel=\"bookmark noopener noreferrer\">Ler mais<\/a>\n\t\t\t<\/div>\n\t\t\t\n\t\t\t\t\t\t\t\t\t<\/article>\n\t\t\t\t\t\t\t\t\t\t\t\t\t\t\t\t<article class=\"uagb-post__inner-wrap\">\t\t\t\t\t\t\t\t<h4 class=\"uagb-post__title uagb-post__text\">\n\t\t\t\t<a href=\"https:\/\/www.camarabaixagrande.ba.gov.br\/documentos\/2021\/03\/25\/decretos-de-marco\/\" target=\"_self\" rel=\"bookmark noopener noreferrer\">Decretos de Mar\u00e7o<\/a>\n\t\t\t<\/h4>\n\t\t\t\t\t\t<div class='uagb-post__text uagb-post-grid-byline'>\n\t\t\t\t\t\t\t\t<time datetime=\"2021-03-25T09:10:20-03:00\" class=\"uagb-post__date\">\n\t\t\t\t<span class=\"dashicons-calendar dashicons\"><\/span>\t\t\t\t\tmar\u00e7o 25, 2021\t\t\t\t<\/time>\n\t\t\t\t\t\t<\/div>\n\t\t\t\t\t\t<div class=\"uagb-post__text uagb-post__cta wp-block-button\">\n\t\t\t\t<a class=\"wp-block-button__link uagb-text-link\" style=\"\" href=\"https:\/\/www.camarabaixagrande.ba.gov.br\/documentos\/2021\/03\/25\/decretos-de-marco\/\" target=\"_self\" rel=\"bookmark noopener noreferrer\">Ler mais<\/a>\n\t\t\t<\/div>\n\t\t\t\n\t\t\t\t\t\t\t\t\t<\/article>\n\t\t\t\t\t\t\t\t\t\t\t\t\t\t\t\t<article class=\"uagb-post__inner-wrap\">\t\t\t\t\t\t\t\t<h4 class=\"uagb-post__title uagb-post__text\">\n\t\t\t\t<a href=\"https:\/\/www.camarabaixagrande.ba.gov.br\/documentos\/2021\/02\/20\/decretos-publicados-em-fevereiro\/\" target=\"_self\" rel=\"bookmark noopener noreferrer\">Decretos Publicados em Fevereiro<\/a>\n\t\t\t<\/h4>\n\t\t\t\t\t\t<div class='uagb-post__text uagb-post-grid-byline'>\n\t\t\t\t\t\t\t\t<time datetime=\"2021-02-20T08:36:29-03:00\" class=\"uagb-post__date\">\n\t\t\t\t<span class=\"dashicons-calendar dashicons\"><\/span>\t\t\t\t\tfevereiro 20, 2021\t\t\t\t<\/time>\n\t\t\t\t\t\t<\/div>\n\t\t\t\t\t\t<div class=\"uagb-post__text uagb-post__cta wp-block-button\">\n\t\t\t\t<a class=\"wp-block-button__link uagb-text-link\" style=\"\" href=\"https:\/\/www.camarabaixagrande.ba.gov.br\/documentos\/2021\/02\/20\/decretos-publicados-em-fevereiro\/\" target=\"_self\" rel=\"bookmark noopener noreferrer\">Ler mais<\/a>\n\t\t\t<\/div>\n\t\t\t\n\t\t\t\t\t\t\t\t\t<\/article>\n\t\t\t\t\t\t\t\t\t\t\t\t\t\t\t\t<article class=\"uagb-post__inner-wrap\">\t\t\t\t\t\t\t\t<h4 class=\"uagb-post__title uagb-post__text\">\n\t\t\t\t<a href=\"https:\/\/www.camarabaixagrande.ba.gov.br\/documentos\/2021\/01\/31\/demonstrativo-das-contas-banco-referente-a-janeiro-de-2021\/\" target=\"_self\" rel=\"bookmark noopener noreferrer\">Demonstrativo das Contas Banco, referente a Janeiro de 2021<\/a>\n\t\t\t<\/h4>\n\t\t\t\t\t\t<div class='uagb-post__text uagb-post-grid-byline'>\n\t\t\t\t\t\t\t\t<time datetime=\"2021-01-31T09:55:09-03:00\" class=\"uagb-post__date\">\n\t\t\t\t<span class=\"dashicons-calendar dashicons\"><\/span>\t\t\t\t\tjaneiro 31, 2021\t\t\t\t<\/time>\n\t\t\t\t\t\t<\/div>\n\t\t\t\t\t\t<div class=\"uagb-post__text uagb-post__cta wp-block-button\">\n\t\t\t\t<a class=\"wp-block-button__link uagb-text-link\" style=\"\" href=\"https:\/\/www.camarabaixagrande.ba.gov.br\/documentos\/2021\/01\/31\/demonstrativo-das-contas-banco-referente-a-janeiro-de-2021\/\" target=\"_self\" rel=\"bookmark noopener noreferrer\">Ler mais<\/a>\n\t\t\t<\/div>\n\t\t\t\n\t\t\t\t\t\t\t\t\t<\/article>\n\t\t\t\t\t\t\t\t\t\t\t\t\t\t\t\t<article class=\"uagb-post__inner-wrap\">\t\t\t\t\t\t\t\t<h4 class=\"uagb-post__title uagb-post__text\">\n\t\t\t\t<a href=\"https:\/\/www.camarabaixagrande.ba.gov.br\/documentos\/2020\/12\/30\/decreto-044-2021-aprova-o-quadro-de-detalhamento-da-despesas-qdd-do-poder-executivo-municipal-para-o-exercicio-financeiro-de-2021\/\" target=\"_self\" rel=\"bookmark noopener noreferrer\">Decreto 044\/2021 \u2013 Aprova o Quadro de Detalhamento da despesas &#8211; QDD do Poder Executivo Municipal para o exerc\u00edcio financeiro de 2021<\/a>\n\t\t\t<\/h4>\n\t\t\t\t\t\t<div class='uagb-post__text uagb-post-grid-byline'>\n\t\t\t\t\t\t\t\t<time datetime=\"2020-12-30T09:53:27-03:00\" class=\"uagb-post__date\">\n\t\t\t\t<span class=\"dashicons-calendar dashicons\"><\/span>\t\t\t\t\tdezembro 30, 2020\t\t\t\t<\/time>\n\t\t\t\t\t\t<\/div>\n\t\t\t\t\t\t<div class=\"uagb-post__text uagb-post__cta wp-block-button\">\n\t\t\t\t<a class=\"wp-block-button__link uagb-text-link\" style=\"\" href=\"https:\/\/www.camarabaixagrande.ba.gov.br\/documentos\/2020\/12\/30\/decreto-044-2021-aprova-o-quadro-de-detalhamento-da-despesas-qdd-do-poder-executivo-municipal-para-o-exercicio-financeiro-de-2021\/\" target=\"_self\" rel=\"bookmark noopener noreferrer\">Ler mais<\/a>\n\t\t\t<\/div>\n\t\t\t\n\t\t\t\t\t\t\t\t\t<\/article>\n\t\t\t\t\t\t\t\t\t\t\t<\/div>\n\t\t\t\n\n\n<figure class=\"wp-block-image size-full\"><a href=\"https:\/\/www.camarabaixagrande.ba.gov.br\/documentos\/\"><img loading=\"lazy\" decoding=\"async\" width=\"252\" height=\"75\" src=\"https:\/\/www.camarabaixagrande.ba.gov.br\/documentos\/wp-content\/uploads\/2022\/05\/voltar-1.png\" alt=\"\" class=\"wp-image-1544\"\/><\/a><\/figure>\n","protected":false},"excerpt":{"rendered":"","protected":false},"author":2,"featured_media":0,"parent":0,"menu_order":0,"comment_status":"closed","ping_status":"closed","template":"","meta":{"_uag_custom_page_level_css":"","footnotes":""},"class_list":["post-78","page","type-page","status-publish","hentry"],"yoast_head":"<!-- This site is optimized with the Yoast SEO plugin v27.5 - https:\/\/yoast.com\/product\/yoast-seo-wordpress\/ -->\n<title>Decretos - Documentos<\/title>\n<meta name=\"robots\" content=\"index, follow, max-snippet:-1, max-image-preview:large, max-video-preview:-1\" \/>\n<link rel=\"canonical\" href=\"https:\/\/www.camarabaixagrande.ba.gov.br\/documentos\/decretos\/\" \/>\n<meta property=\"og:locale\" content=\"pt_BR\" \/>\n<meta property=\"og:type\" content=\"article\" \/>\n<meta property=\"og:title\" content=\"Decretos - Documentos\" \/>\n<meta property=\"og:url\" content=\"https:\/\/www.camarabaixagrande.ba.gov.br\/documentos\/decretos\/\" \/>\n<meta property=\"og:site_name\" content=\"Documentos\" \/>\n<meta property=\"article:modified_time\" content=\"2022-05-23T01:16:20+00:00\" \/>\n<meta property=\"og:image\" content=\"https:\/\/www.camarabaixagrande.ba.gov.br\/documentos\/wp-content\/uploads\/2022\/05\/voltar.png\" \/>\n<meta name=\"twitter:card\" content=\"summary_large_image\" \/>\n<meta name=\"twitter:label1\" content=\"Est. tempo de leitura\" \/>\n\t<meta name=\"twitter:data1\" content=\"1 minuto\" \/>\n<script type=\"application\/ld+json\" class=\"yoast-schema-graph\">{\"@context\":\"https:\\\/\\\/schema.org\",\"@graph\":[{\"@type\":\"WebPage\",\"@id\":\"https:\\\/\\\/www.camarabaixagrande.ba.gov.br\\\/documentos\\\/decretos\\\/\",\"url\":\"https:\\\/\\\/www.camarabaixagrande.ba.gov.br\\\/documentos\\\/decretos\\\/\",\"name\":\"Decretos - Documentos\",\"isPartOf\":{\"@id\":\"https:\\\/\\\/www.camarabaixagrande.ba.gov.br\\\/documentos\\\/#website\"},\"primaryImageOfPage\":{\"@id\":\"https:\\\/\\\/www.camarabaixagrande.ba.gov.br\\\/documentos\\\/decretos\\\/#primaryimage\"},\"image\":{\"@id\":\"https:\\\/\\\/www.camarabaixagrande.ba.gov.br\\\/documentos\\\/decretos\\\/#primaryimage\"},\"thumbnailUrl\":\"https:\\\/\\\/www.camarabaixagrande.ba.gov.br\\\/documentos\\\/wp-content\\\/uploads\\\/2022\\\/05\\\/voltar.png\",\"datePublished\":\"2021-07-23T17:21:11+00:00\",\"dateModified\":\"2022-05-23T01:16:20+00:00\",\"breadcrumb\":{\"@id\":\"https:\\\/\\\/www.camarabaixagrande.ba.gov.br\\\/documentos\\\/decretos\\\/#breadcrumb\"},\"inLanguage\":\"pt-BR\",\"potentialAction\":[{\"@type\":\"ReadAction\",\"target\":[\"https:\\\/\\\/www.camarabaixagrande.ba.gov.br\\\/documentos\\\/decretos\\\/\"]}]},{\"@type\":\"ImageObject\",\"inLanguage\":\"pt-BR\",\"@id\":\"https:\\\/\\\/www.camarabaixagrande.ba.gov.br\\\/documentos\\\/decretos\\\/#primaryimage\",\"url\":\"https:\\\/\\\/www.camarabaixagrande.ba.gov.br\\\/documentos\\\/wp-content\\\/uploads\\\/2022\\\/05\\\/voltar.png\",\"contentUrl\":\"https:\\\/\\\/www.camarabaixagrande.ba.gov.br\\\/documentos\\\/wp-content\\\/uploads\\\/2022\\\/05\\\/voltar.png\",\"width\":252,\"height\":75},{\"@type\":\"BreadcrumbList\",\"@id\":\"https:\\\/\\\/www.camarabaixagrande.ba.gov.br\\\/documentos\\\/decretos\\\/#breadcrumb\",\"itemListElement\":[{\"@type\":\"ListItem\",\"position\":1,\"name\":\"In\u00edcio\",\"item\":\"https:\\\/\\\/www.camarabaixagrande.ba.gov.br\\\/documentos\\\/\"},{\"@type\":\"ListItem\",\"position\":2,\"name\":\"Decretos\"}]},{\"@type\":\"WebSite\",\"@id\":\"https:\\\/\\\/www.camarabaixagrande.ba.gov.br\\\/documentos\\\/#website\",\"url\":\"https:\\\/\\\/www.camarabaixagrande.ba.gov.br\\\/documentos\\\/\",\"name\":\"Documentos\",\"description\":\"\",\"publisher\":{\"@id\":\"https:\\\/\\\/www.camarabaixagrande.ba.gov.br\\\/documentos\\\/#organization\"},\"potentialAction\":[{\"@type\":\"SearchAction\",\"target\":{\"@type\":\"EntryPoint\",\"urlTemplate\":\"https:\\\/\\\/www.camarabaixagrande.ba.gov.br\\\/documentos\\\/?s={search_term_string}\"},\"query-input\":{\"@type\":\"PropertyValueSpecification\",\"valueRequired\":true,\"valueName\":\"search_term_string\"}}],\"inLanguage\":\"pt-BR\"},{\"@type\":\"Organization\",\"@id\":\"https:\\\/\\\/www.camarabaixagrande.ba.gov.br\\\/documentos\\\/#organization\",\"name\":\"Documentos\",\"url\":\"https:\\\/\\\/www.camarabaixagrande.ba.gov.br\\\/documentos\\\/\",\"logo\":{\"@type\":\"ImageObject\",\"inLanguage\":\"pt-BR\",\"@id\":\"https:\\\/\\\/www.camarabaixagrande.ba.gov.br\\\/documentos\\\/#\\\/schema\\\/logo\\\/image\\\/\",\"url\":\"https:\\\/\\\/www.camarabaixagrande.ba.gov.br\\\/documentos\\\/wp-content\\\/uploads\\\/2023\\\/03\\\/cropped-banner-reserva.jpg\",\"contentUrl\":\"https:\\\/\\\/www.camarabaixagrande.ba.gov.br\\\/documentos\\\/wp-content\\\/uploads\\\/2023\\\/03\\\/cropped-banner-reserva.jpg\",\"width\":300,\"height\":60,\"caption\":\"Documentos\"},\"image\":{\"@id\":\"https:\\\/\\\/www.camarabaixagrande.ba.gov.br\\\/documentos\\\/#\\\/schema\\\/logo\\\/image\\\/\"}}]}<\/script>\n<!-- \/ Yoast SEO plugin. -->","yoast_head_json":{"title":"Decretos - Documentos","robots":{"index":"index","follow":"follow","max-snippet":"max-snippet:-1","max-image-preview":"max-image-preview:large","max-video-preview":"max-video-preview:-1"},"canonical":"https:\/\/www.camarabaixagrande.ba.gov.br\/documentos\/decretos\/","og_locale":"pt_BR","og_type":"article","og_title":"Decretos - Documentos","og_url":"https:\/\/www.camarabaixagrande.ba.gov.br\/documentos\/decretos\/","og_site_name":"Documentos","article_modified_time":"2022-05-23T01:16:20+00:00","og_image":[{"url":"https:\/\/www.camarabaixagrande.ba.gov.br\/documentos\/wp-content\/uploads\/2022\/05\/voltar.png","type":"","width":"","height":""}],"twitter_card":"summary_large_image","twitter_misc":{"Est. tempo de leitura":"1 minuto"},"schema":{"@context":"https:\/\/schema.org","@graph":[{"@type":"WebPage","@id":"https:\/\/www.camarabaixagrande.ba.gov.br\/documentos\/decretos\/","url":"https:\/\/www.camarabaixagrande.ba.gov.br\/documentos\/decretos\/","name":"Decretos - Documentos","isPartOf":{"@id":"https:\/\/www.camarabaixagrande.ba.gov.br\/documentos\/#website"},"primaryImageOfPage":{"@id":"https:\/\/www.camarabaixagrande.ba.gov.br\/documentos\/decretos\/#primaryimage"},"image":{"@id":"https:\/\/www.camarabaixagrande.ba.gov.br\/documentos\/decretos\/#primaryimage"},"thumbnailUrl":"https:\/\/www.camarabaixagrande.ba.gov.br\/documentos\/wp-content\/uploads\/2022\/05\/voltar.png","datePublished":"2021-07-23T17:21:11+00:00","dateModified":"2022-05-23T01:16:20+00:00","breadcrumb":{"@id":"https:\/\/www.camarabaixagrande.ba.gov.br\/documentos\/decretos\/#breadcrumb"},"inLanguage":"pt-BR","potentialAction":[{"@type":"ReadAction","target":["https:\/\/www.camarabaixagrande.ba.gov.br\/documentos\/decretos\/"]}]},{"@type":"ImageObject","inLanguage":"pt-BR","@id":"https:\/\/www.camarabaixagrande.ba.gov.br\/documentos\/decretos\/#primaryimage","url":"https:\/\/www.camarabaixagrande.ba.gov.br\/documentos\/wp-content\/uploads\/2022\/05\/voltar.png","contentUrl":"https:\/\/www.camarabaixagrande.ba.gov.br\/documentos\/wp-content\/uploads\/2022\/05\/voltar.png","width":252,"height":75},{"@type":"BreadcrumbList","@id":"https:\/\/www.camarabaixagrande.ba.gov.br\/documentos\/decretos\/#breadcrumb","itemListElement":[{"@type":"ListItem","position":1,"name":"In\u00edcio","item":"https:\/\/www.camarabaixagrande.ba.gov.br\/documentos\/"},{"@type":"ListItem","position":2,"name":"Decretos"}]},{"@type":"WebSite","@id":"https:\/\/www.camarabaixagrande.ba.gov.br\/documentos\/#website","url":"https:\/\/www.camarabaixagrande.ba.gov.br\/documentos\/","name":"Documentos","description":"","publisher":{"@id":"https:\/\/www.camarabaixagrande.ba.gov.br\/documentos\/#organization"},"potentialAction":[{"@type":"SearchAction","target":{"@type":"EntryPoint","urlTemplate":"https:\/\/www.camarabaixagrande.ba.gov.br\/documentos\/?s={search_term_string}"},"query-input":{"@type":"PropertyValueSpecification","valueRequired":true,"valueName":"search_term_string"}}],"inLanguage":"pt-BR"},{"@type":"Organization","@id":"https:\/\/www.camarabaixagrande.ba.gov.br\/documentos\/#organization","name":"Documentos","url":"https:\/\/www.camarabaixagrande.ba.gov.br\/documentos\/","logo":{"@type":"ImageObject","inLanguage":"pt-BR","@id":"https:\/\/www.camarabaixagrande.ba.gov.br\/documentos\/#\/schema\/logo\/image\/","url":"https:\/\/www.camarabaixagrande.ba.gov.br\/documentos\/wp-content\/uploads\/2023\/03\/cropped-banner-reserva.jpg","contentUrl":"https:\/\/www.camarabaixagrande.ba.gov.br\/documentos\/wp-content\/uploads\/2023\/03\/cropped-banner-reserva.jpg","width":300,"height":60,"caption":"Documentos"},"image":{"@id":"https:\/\/www.camarabaixagrande.ba.gov.br\/documentos\/#\/schema\/logo\/image\/"}}]}},"uagb_featured_image_src":{"full":false,"thumbnail":false,"medium":false,"medium_large":false,"large":false,"1536x1536":false,"2048x2048":false,"post-thumbnail":false,"dynamico-featured-content":false,"dynamico-ultra-wide":false,"dynamico-landscape":false,"dynamico-classic":false,"dynamico-square":false,"dynamico-portrait":false},"uagb_author_info":{"display_name":"Camara","author_link":"https:\/\/www.camarabaixagrande.ba.gov.br\/documentos\/author\/camara\/"},"uagb_comment_info":0,"uagb_excerpt":null,"_links":{"self":[{"href":"https:\/\/www.camarabaixagrande.ba.gov.br\/documentos\/wp-json\/wp\/v2\/pages\/78","targetHints":{"allow":["GET"]}}],"collection":[{"href":"https:\/\/www.camarabaixagrande.ba.gov.br\/documentos\/wp-json\/wp\/v2\/pages"}],"about":[{"href":"https:\/\/www.camarabaixagrande.ba.gov.br\/documentos\/wp-json\/wp\/v2\/types\/page"}],"author":[{"embeddable":true,"href":"https:\/\/www.camarabaixagrande.ba.gov.br\/documentos\/wp-json\/wp\/v2\/users\/2"}],"replies":[{"embeddable":true,"href":"https:\/\/www.camarabaixagrande.ba.gov.br\/documentos\/wp-json\/wp\/v2\/comments?post=78"}],"version-history":[{"count":6,"href":"https:\/\/www.camarabaixagrande.ba.gov.br\/documentos\/wp-json\/wp\/v2\/pages\/78\/revisions"}],"predecessor-version":[{"id":1558,"href":"https:\/\/www.camarabaixagrande.ba.gov.br\/documentos\/wp-json\/wp\/v2\/pages\/78\/revisions\/1558"}],"wp:attachment":[{"href":"https:\/\/www.camarabaixagrande.ba.gov.br\/documentos\/wp-json\/wp\/v2\/media?parent=78"}],"curies":[{"name":"wp","href":"https:\/\/api.w.org\/{rel}","templated":true}]}}